{"id":278,"date":"2019-03-14T15:01:40","date_gmt":"2019-03-14T14:01:40","guid":{"rendered":"http:\/\/isbw.be\/institution\/?page_id=278"},"modified":"2025-12-24T11:50:24","modified_gmt":"2025-12-24T10:50:24","slug":"nos-organes-de-gestion","status":"publish","type":"page","link":"https:\/\/isbw.be\/institution\/nos-organes-de-gestion\/","title":{"rendered":"Nos organes de gestion"},"content":{"rendered":"<div id=\"pl-278\"  class=\"panel-layout\" ><div id=\"pg-278-0\"  class=\"panel-grid panel-has-style\" ><div class=\"siteorigin-panels-stretch panel-row-style panel-row-style-for-278-0\" id=\"Bkg2\" data-stretch-type=\"full\" ><div id=\"pgc-278-0-0\"  class=\"panel-grid-cell\" ><div id=\"panel-278-0-0-0\" class=\"so-panel widget widget_siteorigin-panels-builder panel-first-child panel-last-child\" data-index=\"0\" ><div id=\"pl-w694bc5644e6b0\"  class=\"panel-layout\" ><div id=\"pg-w694bc5644e6b0-0\"  class=\"panel-grid panel-no-style\" ><div id=\"pgc-w694bc5644e6b0-0-0\"  class=\"panel-grid-cell\" ><div id=\"panel-w694bc5644e6b0-0-0-0\" class=\"so-panel widget widget_sow-editor panel-first-child panel-last-child\" data-index=\"0\" ><div\n\t\t\t\n\t\t\tclass=\"so-widget-sow-editor so-widget-sow-editor-base\"\n\t\t\t\n\t\t>\n<div class=\"siteorigin-widget-tinymce textwidget\">\n\t<h1><strong>Nos organes de gestion<\/strong><\/h1>\n<\/div>\n<\/div><\/div><\/div><\/div><div id=\"pg-w694bc5644e6b0-1\"  class=\"panel-grid panel-has-style\" ><div class=\"Titrenonbouton panel-row-style panel-row-style-for-w694bc5644e6b0-1\" ><div id=\"pgc-w694bc5644e6b0-1-0\"  class=\"panel-grid-cell\" ><div id=\"panel-w694bc5644e6b0-1-0-0\" class=\"so-panel widget widget_sow-icon panel-first-child panel-last-child\" data-index=\"1\" ><div\n\t\t\t\n\t\t\tclass=\"so-widget-sow-icon so-widget-sow-icon-default-bea670614984\"\n\t\t\t\n\t\t>\n<div class=\"sow-icon-container sow-icon\">\n\t\t\t<span class=\"sow-icon-fontawesome sow-fas\" data-sow-icon=\"&#xf0a9;\"\n\t\t \n\t\taria-hidden=\"true\"><\/span>\t<\/div>\n<\/div><\/div><\/div><div id=\"pgc-w694bc5644e6b0-1-1\"  class=\"panel-grid-cell\" ><div id=\"panel-w694bc5644e6b0-1-1-0\" class=\"so-panel widget widget_sow-editor panel-first-child panel-last-child\" data-index=\"2\" ><div class=\"panel-widget-style panel-widget-style-for-w694bc5644e6b0-1-1-0\" ><div\n\t\t\t\n\t\t\tclass=\"so-widget-sow-editor so-widget-sow-editor-base\"\n\t\t\t\n\t\t>\n<div class=\"siteorigin-widget-tinymce textwidget\">\n\t<h2><span style=\"color: #000000;\">Qui nous g\u00e8re ?<\/span><\/h2>\n<\/div>\n<\/div><\/div><\/div><\/div><\/div><\/div><div id=\"pg-w694bc5644e6b0-2\"  class=\"panel-grid panel-no-style\" ><div id=\"pgc-w694bc5644e6b0-2-0\"  class=\"panel-grid-cell panel-grid-cell-empty\" ><\/div><div id=\"pgc-w694bc5644e6b0-2-1\"  class=\"panel-grid-cell\" ><div id=\"panel-w694bc5644e6b0-2-1-0\" class=\"so-panel widget widget_sow-editor panel-first-child panel-last-child\" data-index=\"3\" ><div class=\"panel-widget-style panel-widget-style-for-w694bc5644e6b0-2-1-0\" ><div\n\t\t\t\n\t\t\tclass=\"so-widget-sow-editor so-widget-sow-editor-base\"\n\t\t\t\n\t\t>\n<div class=\"siteorigin-widget-tinymce textwidget\">\n\t<p style=\"text-align: left; padding-left: 90px;\"><span style=\"color: #000000;\"><a style=\"color: #000000;\" href=\"https:\/\/isbw.be\/institution\/nos-organes-de-gestion#INSTorganesgestionClassique\"><strong>Une structure \"classique\"<\/strong><\/a><\/span><\/p>\n<p style=\"padding-left: 90px;\"><span style=\"color: #000000;\"><a style=\"color: #000000;\" href=\"https:\/\/isbw.be\/institution\/le-president\/\" target=\"_blank\" rel=\"noopener\"><strong>Le Pr\u00e9sident<\/strong><\/a><\/span><\/p>\n<p style=\"padding-left: 90px;\"><span style=\"color: #000000;\"><a style=\"color: #000000;\" href=\"https:\/\/isbw.be\/institution\/nos-organes-de-gestion#INSTorganesgestionAssembleegenerale\"><strong>L'Assembl\u00e9e g\u00e9n\u00e9rale<\/strong><\/a><\/span><\/p>\n<p style=\"padding-left: 90px;\"><span style=\"color: #000000;\"><a style=\"color: #000000;\" href=\"https:\/\/isbw.be\/institution\/nos-organes-de-gestion#INSTorganesgestionCA\"><strong>Le Conseil d'administration<\/strong><\/a><\/span><\/p>\n<p style=\"padding-left: 90px;\"><span style=\"color: #000000;\"><a style=\"color: #000000;\" href=\"https:\/\/isbw.be\/institution\/nos-organes-de-gestion#INSTorganesgestionBE\"><strong>Le Bureau ex\u00e9cutif<\/strong><\/a><\/span><\/p>\n<p style=\"padding-left: 90px;\"><span style=\"color: #000000;\"><a style=\"color: #000000;\" href=\"https:\/\/isbw.be\/institution\/nos-organes-de-gestion#INSTorganesgestionAutres\"><strong>Autres organes<\/strong><\/a><\/span><\/p>\n<p style=\"padding-left: 90px;\"><span style=\"color: #000000;\"><a style=\"color: #000000;\" href=\"https:\/\/isbw.be\/institution\/nos-organes-de-gestion#INSTorganesgestionContact\"><strong>Nous contacter<\/strong><\/a><\/span><\/p>\n<\/div>\n<\/div><\/div><\/div><\/div><\/div><div id=\"pg-w694bc5644e6b0-3\"  class=\"panel-grid panel-no-style\" ><div id=\"pgc-w694bc5644e6b0-3-0\"  class=\"panel-grid-cell panel-grid-cell-empty\" ><\/div><div id=\"pgc-w694bc5644e6b0-3-1\"  class=\"panel-grid-cell\" ><div id=\"panel-w694bc5644e6b0-3-1-0\" class=\"so-panel widget widget_sow-editor panel-first-child panel-last-child\" data-index=\"4\" ><div class=\"BlocTexteDeco panel-widget-style panel-widget-style-for-w694bc5644e6b0-3-1-0\" ><div\n\t\t\t\n\t\t\tclass=\"so-widget-sow-editor so-widget-sow-editor-base\"\n\t\t\t\n\t\t>\n<div class=\"siteorigin-widget-tinymce textwidget\">\n\t<h3><a id=\"INSTorganesgestionClassique\"><\/a>Une Structure classique<\/h3>\n<p style=\"padding-left: 40px;\">Tous les organes, qu\u2019ils soient d\u00e9cisionnels ou d\u2019avis, existent en vertu du Code de la D\u00e9mocratie Locale et de la D\u00e9centralisation et sont repris dans les statuts de l\u2019Intercommunale.<br \/>\nLeur composition et leurs comp\u00e9tences sont strictement d\u00e9finies par ce cadre juridique. .<br \/>\nTous les organes sont compos\u00e9s exclusivement de femmes et d\u2019hommes \u00e9lus locaux, soit communaux, soit provinciaux.<br \/>\nLes conseils communaux et le Conseil provincial mandatent certains de leurs conseillers pour g\u00e9rer l\u2019Intercommunale.<\/p>\n<p style=\"padding-left: 40px;\">C\u2019est pour suivre le rythme des \u00e9lections locales que les organes de gestion sont tous int\u00e9gralement renouvel\u00e9s tous les six ans apr\u00e8s les \u00e9lections communales et provinciales.<\/p>\n<p style=\"padding-left: 40px;\">Les r\u00e9mun\u00e9rations, jetons de pr\u00e9sence et autres avantages de tous les mandataires de l\u2019Intercommunale respectent int\u00e9gralement les r\u00e8gles \u00e9dict\u00e9es en la mati\u00e8re par la R\u00e9gion wallonne.<\/p>\n<p style=\"padding-left: 40px;\">Vous pouvez \u00e9galement consulter les <span style=\"color: #000000;\"><a style=\"color: #000000;\" href=\"https:\/\/isbw.be\/institution\/chiffres-et-documents\/\">d\u00e9cisions de l\u2019Assembl\u00e9e g\u00e9n\u00e9rale de l\u2019Intercommunale<\/a><\/span> au sujet de l\u2019application concr\u00e8te de ces r\u00e8gles ainsi qu\u2019<span style=\"color: #000000;\"><a style=\"color: #000000;\" href=\"https:\/\/isbw.be\/institution\/wp-content\/uploads\/sites\/2\/2020\/02\/ISBW-Jetons-de-pr\u00e9sence.pdf\" target=\"_blank\" rel=\"noopener\">un tableau qui reprend nominativement les montants per\u00e7us par les mandataires pour l\u2019exercice de leur mandat \u00e0 l\u2019Intercommunale<\/a> lors du dernier exercice.<\/span><\/p>\n<p style=\"padding-left: 40px;\">L\u2019ISBW, comme toute soci\u00e9t\u00e9, est compos\u00e9 des trois organes de gestion classique : une Assembl\u00e9e g\u00e9n\u00e9rale, un Conseil d\u2019administration et un organe restreint charg\u00e9 de la gestion quotidienne appel\u00e9 Bureau ex\u00e9cutif.<\/p>\n<\/div>\n<\/div><\/div><\/div><\/div><\/div><div id=\"pg-w694bc5644e6b0-4\"  class=\"panel-grid panel-no-style\" ><div id=\"pgc-w694bc5644e6b0-4-0\"  class=\"panel-grid-cell panel-grid-cell-empty\" ><\/div><div id=\"pgc-w694bc5644e6b0-4-1\"  class=\"panel-grid-cell\" ><div id=\"panel-w694bc5644e6b0-4-1-0\" class=\"so-panel widget widget_sow-editor panel-first-child panel-last-child\" data-index=\"5\" ><div class=\"BlocTexteDeco panel-widget-style panel-widget-style-for-w694bc5644e6b0-4-1-0\" ><div\n\t\t\t\n\t\t\tclass=\"so-widget-sow-editor so-widget-sow-editor-base\"\n\t\t\t\n\t\t>\n<div class=\"siteorigin-widget-tinymce textwidget\">\n\t<h3><a id=\"INSTorganesgestionAssembleegenerale\"><\/a>L'Assembl\u00e9e g\u00e9n\u00e9rale<\/h3>\n<p style=\"text-align: left; padding-left: 30px;\">L\u2019Assembl\u00e9e g\u00e9n\u00e9rale est compos\u00e9e de 5 repr\u00e9sentants de chaque commune, tous conseillers communaux et choisis tant dans la majorit\u00e9 communale que dans l\u2019opposition.<br \/>\nLa Province du Brabant wallon dispose \u00e9galement de 5 repr\u00e9sentants, tous conseillers provinciaux et choisis \u00e9galement tant dans la majorit\u00e9 provinciale que dans l\u2019opposition.<br \/>\nToutes les d\u00e9cisions sont prises en Assembl\u00e9e g\u00e9n\u00e9rale \u00e0 une double majorit\u00e9 : pour obtenir l\u2019approbation d\u2019une proposition, elle doit recueillir une majorit\u00e9 au sein du groupe repr\u00e9sentant l\u2019ensemble des 27 communes et la majorit\u00e9 au sein des repr\u00e9sentants de la Province.<br \/>\nToutes les propositions de d\u00e9cisions sont envoy\u00e9es au moins un mois avant la r\u00e9union de l\u2019Assembl\u00e9e g\u00e9n\u00e9rale \u00e0 tous les conseils communaux et au Conseil provincial, ceci afin que ces points puissent y \u00eatre d\u00e9battus.<br \/>\nL\u2019Assembl\u00e9e g\u00e9n\u00e9rale est charg\u00e9e des d\u00e9cisions les plus importantes : modification des statuts, adoption du budget, approbation des comptes et du bilan, d\u00e9charge des administrateurs, adoption du plan strat\u00e9gique, approbation du rapport de gestion, approbation du rapport d\u2019activit\u00e9, d\u00e9signation des administrateurs, d\u00e9signation du r\u00e9viseur d\u2019entreprise\u2026<br \/>\nL\u2019Assembl\u00e9e g\u00e9n\u00e9rale se r\u00e9unit au moins deux fois par an et est ouverte au public. La convocation et l\u2019ordre du jour sont affich\u00e9s dans toutes les communes du Brabant wallon.<\/p>\n<p style=\"padding-left: 30px;\"><a href=\"https:\/\/isbw.be\/institution\/nos-organes-de-gestion\/composition-de-lassemblee-generale\/\"><span style=\"color: #000000;\">Vous trouverez la composition de l'Assembl\u00e9e g\u00e9n\u00e9rale ici<\/span><\/a>.<\/p>\n<\/div>\n<\/div><\/div><\/div><\/div><\/div><div id=\"pg-w694bc5644e6b0-5\"  class=\"panel-grid panel-no-style\" ><div id=\"pgc-w694bc5644e6b0-5-0\"  class=\"panel-grid-cell panel-grid-cell-empty\" ><\/div><div id=\"pgc-w694bc5644e6b0-5-1\"  class=\"panel-grid-cell\" ><div id=\"panel-w694bc5644e6b0-5-1-0\" class=\"so-panel widget widget_sow-editor panel-first-child panel-last-child\" data-index=\"6\" ><div class=\"BlocTexteDeco panel-widget-style panel-widget-style-for-w694bc5644e6b0-5-1-0\" ><div\n\t\t\t\n\t\t\tclass=\"so-widget-sow-editor so-widget-sow-editor-base\"\n\t\t\t\n\t\t>\n<div class=\"siteorigin-widget-tinymce textwidget\">\n\t<h3><a id=\"INSTorganesgestionCA\"><\/a>Le Conseil d'administration<\/h3>\n<p style=\"text-align: left; padding-left: 30px;\">Le Conseil d\u2019administration est compos\u00e9 de 20 administrateurs d\u00e9sign\u00e9s par l\u2019Assembl\u00e9e g\u00e9n\u00e9rale. 11 sont conseillers communaux et 9 conseillers provinciaux.<br \/>\nToutefois, au sein de leur Conseil respectif, ils sont charg\u00e9s des int\u00e9r\u00eats de l\u2019ISBW et non les repr\u00e9sentants de leur commune ou de la Province.<br \/>\nLa r\u00e9partition politique des administrateurs est d\u00e9finie par la cl\u00e9 <span style=\"color: #000000;\"><a style=\"color: #000000;\" href=\"http:\/\/electionslocales.wallonie.be\/node\/272\" target=\"_blank\" rel=\"noopener noreferrer\">Imperiali<\/a><\/span>.<br \/>\nLe Conseil d\u2019administration est comp\u00e9tent pour toutes les mati\u00e8res sauf celles qui sont express\u00e9ment d\u00e9volues (par le Code de la D\u00e9mocratie Locale et de la D\u00e9centralisation ou par les statuts de l\u2019ISBW) \u00e0 un autre organe. Il est seul comp\u00e9tent pour les d\u00e9cisions collectives relatives au personnel (statut administratif, statut p\u00e9cuniaire, \u2026), il propose \u00e0 l\u2019Assembl\u00e9e g\u00e9n\u00e9rale un budget, lui pr\u00e9sente les comptes et le bilan, les rapports d\u2019activit\u00e9 et de gestion, \u2026<br \/>\nLe Conseil d\u00e9signe en son sein un pr\u00e9sident, un vice-pr\u00e9sident et les membres du Bureau ex\u00e9cutif et des Comit\u00e9s de r\u00e9mun\u00e9ration et d\u2019audit.<br \/>\nIl est aussi l\u2019organe disciplinaire pour les agents statutaires pour les sanctions les plus lourdes (r\u00e9vocations, \u2026).<br \/>\nLe Conseil d\u2019administration se r\u00e9unit au moins six fois par an.<\/p>\n<p style=\"padding-left: 30px;\"><span style=\"color: #000000;\"><a style=\"color: #000000;\" href=\"https:\/\/isbw.be\/institution\/nos-organes-de-gestion\/composition-du-comite-dadministration\/\">Vous trouverez la composition du Conseil d'administration ici<\/a>.<\/span><\/p>\n<\/div>\n<\/div><\/div><\/div><\/div><\/div><div id=\"pg-w694bc5644e6b0-6\"  class=\"panel-grid panel-no-style\" ><div id=\"pgc-w694bc5644e6b0-6-0\"  class=\"panel-grid-cell panel-grid-cell-empty\" ><\/div><div id=\"pgc-w694bc5644e6b0-6-1\"  class=\"panel-grid-cell\" ><div id=\"panel-w694bc5644e6b0-6-1-0\" class=\"so-panel widget widget_sow-editor panel-first-child panel-last-child\" data-index=\"7\" ><div class=\"BlocTexteDeco panel-widget-style panel-widget-style-for-w694bc5644e6b0-6-1-0\" ><div\n\t\t\t\n\t\t\tclass=\"so-widget-sow-editor so-widget-sow-editor-base\"\n\t\t\t\n\t\t>\n<div class=\"siteorigin-widget-tinymce textwidget\">\n\t<h3><a id=\"INSTorganesgestionBE\"><\/a>Le Bureau ex\u00e9cutif<\/h3>\n<p style=\"text-align: left; padding-left: 30px;\">Le Bureau ex\u00e9cutif est compos\u00e9 de 5 membres : le Pr\u00e9sident et le Vice-Pr\u00e9sident (qui doivent \u00eatre de partis politiques diff\u00e9rents) et de trois autres membres.<br \/>\nIl est charg\u00e9 de toutes les d\u00e9cisions qui ne peuvent attendre la r\u00e9union d\u2019un Conseil d\u2019administration, ceci soit en raison de l\u2019urgence soit sur base d\u2019une d\u00e9l\u00e9gation expresse du Conseil d\u2019administration. Cette d\u00e9l\u00e9gation est publi\u00e9e au Moniteur belge.<\/p>\n<p style=\"padding-left: 30px;\">Il se r\u00e9unit aussi souvent que n\u00e9cessaire. A l\u2019ISBW, il se r\u00e9unit en moyenne 12 \u00e0 16 fois par an.<\/p>\n<p style=\"padding-left: 30px;\">Composition du Bureau ex\u00e9cutif :<\/p>\n<p style=\"padding-left: 70px;\"><strong><a href=\"https:\/\/isbw.be\/institution\/le-president\/\" target=\"_blank\" rel=\"noopener\">Le Pr\u00e9sident : Monsieur Gilles AGOSTI<\/a><\/strong> ;<br \/>\nLa Vice-pr\u00e9sidente : Madame Marie-C\u00e9line CHENOY ;<br \/>\nTrois membres : Madame Anne-Marie ADAM, Monsieur Joseph TORDOIR, Monsieur Rapha\u00ebl SZUMA.<\/p>\n<\/div>\n<\/div><\/div><\/div><\/div><\/div><div id=\"pg-w694bc5644e6b0-7\"  class=\"panel-grid panel-no-style\" ><div id=\"pgc-w694bc5644e6b0-7-0\"  class=\"panel-grid-cell panel-grid-cell-empty\" ><\/div><div id=\"pgc-w694bc5644e6b0-7-1\"  class=\"panel-grid-cell\" ><div id=\"panel-w694bc5644e6b0-7-1-0\" class=\"so-panel widget widget_sow-editor panel-first-child panel-last-child\" data-index=\"8\" ><div class=\"BlocTexteDeco panel-widget-style panel-widget-style-for-w694bc5644e6b0-7-1-0\" ><div\n\t\t\t\n\t\t\tclass=\"so-widget-sow-editor so-widget-sow-editor-base\"\n\t\t\t\n\t\t>\n<div class=\"siteorigin-widget-tinymce textwidget\">\n\t<h3><a id=\"INSTorganesgestionAutres\"><\/a>Autres organes<\/h3>\n<p style=\"text-align: left; padding-left: 30px;\">Les intercommunales sont tenues d\u2019avoir en plus des organes \u00abclassiques\u00bb repris ci-dessus, deux organes sp\u00e9cifiques : le Comit\u00e9 de r\u00e9mun\u00e9ration et le Comit\u00e9 d\u2019audit.<\/p>\n<p style=\"padding-left: 30px;\"><strong>Le Comit\u00e9 de r\u00e9mun\u00e9ration :<\/strong><br \/>\nIl est compos\u00e9 de 5 administrateurs, d\u00e9sign\u00e9s par le Conseil d\u2019administration. Ces 5 membres ne peuvent pas cumuler ce mandat avec un mandat dans le Bureau ex\u00e9cutif.<br \/>\nIl est charg\u00e9 de deux missions :<\/p>\n<ol class=\"Decaliste\">\n<li>rendre chaque ann\u00e9e un rapport qui d\u00e9finit avec pr\u00e9cision ce que les mandataires (Assembl\u00e9e g\u00e9n\u00e9rale, Conseil d\u2019administration, Bureau ex\u00e9cutif, Comit\u00e9 d\u2019audit et de r\u00e9mun\u00e9ration) et le Directeur g\u00e9n\u00e9ral ont per\u00e7u pendant l\u2019ann\u00e9e pr\u00e9c\u00e9dente comme r\u00e9mun\u00e9ration (jeton de pr\u00e9sence, \u2026) ou toute autre forme d\u2019avantage.<\/li>\n<li>faire toute proposition relative aux r\u00e9mun\u00e9rations ou autres avantage au profit d\u2019un mandataire.<\/li>\n<\/ol>\n<p style=\"padding-left: 30px;\">Les membres du Comit\u00e9 de r\u00e9mun\u00e9ration ne re\u00e7oivent pour ce mandat aucune r\u00e9mun\u00e9ration ou avantage.<\/p>\n<p style=\"padding-left: 30px;\">Composition du Comit\u00e9 de r\u00e9mun\u00e9ration :<\/p>\n<ul>\n<li style=\"list-style-type: none;\">\n<ul class=\"Decaliste\">\n<li>Carl CAMBRON<\/li>\n<li>Bernard DE RO<\/li>\n<li>Ravi MISRA<\/li>\n<li>Agathe DESTAT<\/li>\n<li>St\u00e9phanie BURY<\/li>\n<\/ul>\n<\/li>\n<\/ul>\n<p style=\"padding-left: 30px;\"><strong>Le Comit\u00e9 d\u2019audit :<\/strong><br \/>\nIl est compos\u00e9 de 5 administrateurs, d\u00e9sign\u00e9s par le Conseil d\u2019administration. Ces 5 membres ne peuvent pas cumuler ce mandat avec un mandat dans le Bureau ex\u00e9cutif.<br \/>\nIl est charg\u00e9 d\u2019auditer les comptes et la comptabilit\u00e9 de l\u2019Intercommunale.<\/p>\n<p style=\"padding-left: 30px;\">Composition du Comit\u00e9 d\u2019audit :<\/p>\n<ul>\n<li style=\"list-style-type: none;\">\n<ul class=\"Decaliste\">\n<li>Bernard DE RO<\/li>\n<li>Carl CAMBRON<\/li>\n<li>Ga\u00ebtan PIRARD<\/li>\n<li>Julie DANS<\/li>\n<li>Laurie SEMAILLE<\/li>\n<\/ul>\n<\/li>\n<\/ul>\n<p style=\"padding-left: 30px;\"><strong>La Direction g\u00e9n\u00e9rale<\/strong><\/p>\n<p style=\"padding-left: 80px;\">La gestion quotidienne de l\u2019ISBW est assur\u00e9e par :<\/p>\n<p style=\"text-align: center;\">le Directeur g\u00e9n\u00e9ral, Monsieur Vincent De Laet \u2013 vincent.delaet@isbw.be<\/p>\n<p style=\"padding-left: 80px;\">et par<\/p>\n<p style=\"text-align: center;\">l\u2019Adjointe \u00e0 la Direction g\u00e9n\u00e9rale, Madame Anne Lenoir \u2013 anne.lenoir@isbw.be<\/p>\n<p style=\"padding-left: 80px;\">Le secr\u00e9tariat du Directeur g\u00e9n\u00e9ral est assur\u00e9 par : Kathy Looze.<br \/>\nT\u00e9l\u00e9phone : <a href=\"tel:+3223151351\">02 - 315.13.51<\/a><br \/>\nCourriel : <a href=\"mailto:kathy.looze@isbw.be\">kathy.looze@isbw.be<\/a> \u2013 <a href=\"mailto:info@isbw.be\">info@isbw.be<\/a><\/p>\n<p style=\"padding-left: 80px;\">Le secr\u00e9tariat de l\u2019Adjointe \u00e0 la Direction g\u00e9n\u00e9rale est assur\u00e9 par : Christelle Dubois.<br \/>\nT\u00e9l\u00e9phone : <a href=\"tel:+3223151353\">02 \u2013 315.13.53<\/a><br \/>\nCourriel : <a href=\"mailto:christelle.dubois@isbw.be\">christelle.dubois@isbw.be<\/a><\/p>\n<\/div>\n<\/div><\/div><\/div><\/div><\/div><div id=\"pg-w694bc5644e6b0-8\"  class=\"panel-grid panel-no-style\" ><div id=\"pgc-w694bc5644e6b0-8-0\"  class=\"panel-grid-cell panel-grid-cell-empty\" ><\/div><div id=\"pgc-w694bc5644e6b0-8-1\"  class=\"panel-grid-cell\" ><div id=\"panel-w694bc5644e6b0-8-1-0\" class=\"so-panel widget widget_sow-editor panel-first-child panel-last-child\" data-index=\"9\" ><div class=\"panel-widget-style panel-widget-style-for-w694bc5644e6b0-8-1-0\" ><div\n\t\t\t\n\t\t\tclass=\"so-widget-sow-editor so-widget-sow-editor-base\"\n\t\t\t\n\t\t>\n<div class=\"siteorigin-widget-tinymce textwidget\">\n\t<h3><a id=\"INSTorganesgestionContact\"><\/a>Contact<\/h3>\n<p style=\"text-align: left; padding-left: 30px;\">Intercommunale Sociale du Brabant Wallon<br \/>\nSi\u00e8ge social : Rue du Cerf 200, 1332 Rixensart<br \/>\nCourriel : <span style=\"color: #000000;\"><a style=\"color: #000000;\" href=\"mailto:info@isbw.be\">info@isbw.be<\/a><\/span><br \/>\nT\u00e9l\u00e9phone : <span style=\"color: #000000;\"><a style=\"color: #000000;\" href=\"tel:+3223151351\">02 - 315.13.51<\/a><\/span><\/p>\n<\/div>\n<\/div><\/div><\/div><\/div><\/div><\/div><\/div><\/div><\/div><\/div><div id=\"pg-278-1\"  class=\"panel-grid panel-has-style\" ><div class=\"siteorigin-panels-stretch panel-row-style panel-row-style-for-278-1\" data-stretch-type=\"full\" ><div id=\"pgc-278-1-0\"  class=\"panel-grid-cell\" ><div id=\"panel-278-1-0-0\" class=\"so-panel widget widget_siteorigin-panels-builder panel-first-child panel-last-child\" data-index=\"1\" ><div id=\"pl-w5e5d0a5d879e6\"  class=\"panel-layout\" ><div id=\"pg-w5e5d0a5d879e6-0\"  class=\"panel-grid panel-has-style\" ><div class=\"panel-row-style panel-row-style-for-w5e5d0a5d879e6-0\" ><div id=\"pgc-w5e5d0a5d879e6-0-0\"  class=\"panel-grid-cell panel-grid-cell-empty\" ><\/div><div id=\"pgc-w5e5d0a5d879e6-0-1\"  class=\"panel-grid-cell panel-grid-cell-empty\" ><\/div><div id=\"pgc-w5e5d0a5d879e6-0-2\"  class=\"panel-grid-cell panel-grid-cell-empty\" ><\/div><div id=\"pgc-w5e5d0a5d879e6-0-3\"  class=\"panel-grid-cell panel-grid-cell-empty\" ><\/div><div id=\"pgc-w5e5d0a5d879e6-0-4\"  class=\"panel-grid-cell\" ><div id=\"panel-w5e5d0a5d879e6-0-4-0\" class=\"so-panel widget widget_sow-button panel-first-child panel-last-child\" data-index=\"0\" ><div\n\t\t\t\n\t\t\tclass=\"so-widget-sow-button so-widget-sow-button-flat-de31a69c3823\"\n\t\t\t\n\t\t><div class=\"ow-button-base ow-button-align-right\"\n>\n\t\t\t<a\n\t\t\t\t\thref=\"https:\/\/isbw.be\/institution\/\"\n\t\t\t\t\tclass=\"sowb-button ow-icon-placement-left ow-button-hover\" title=\"vers Page d&#039;accueil\" \t>\n\t\t<span>\n\t\t\t<span class=\"sow-icon-ionicons\" data-sow-icon=\"&#xf38f;\"\n\t\tstyle=\"\" \n\t\taria-hidden=\"true\"><\/span>\n\t\t\t\t\t<\/span>\n\t\t\t<\/a>\n\t<\/div>\n<\/div><\/div><\/div><\/div><\/div><\/div><\/div><\/div><\/div><\/div><\/div>","protected":false},"excerpt":{"rendered":"<p>Nos organes de gestion Qui nous g\u00e8re ? Une structure \u00ab\u00a0classique\u00a0\u00bb Le Pr\u00e9sident L&rsquo;Assembl\u00e9e g\u00e9n\u00e9rale Le Conseil d&rsquo;administration Le Bureau ex\u00e9cutif Autres organes Nous contacter Une Structure classique Tous les organes, qu\u2019ils soient d\u00e9cisionnels ou d\u2019avis, existent en vertu du Code de la D\u00e9mocratie Locale et de la D\u00e9centralisation et sont repris dans les statuts [&hellip;]<\/p>\n","protected":false},"author":1,"featured_media":0,"parent":0,"menu_order":0,"comment_status":"closed","ping_status":"closed","template":"","meta":{"footnotes":""},"class_list":["post-278","page","type-page","status-publish","czr-hentry"],"_links":{"self":[{"href":"https:\/\/isbw.be\/institution\/wp-json\/wp\/v2\/pages\/278","targetHints":{"allow":["GET"]}}],"collection":[{"href":"https:\/\/isbw.be\/institution\/wp-json\/wp\/v2\/pages"}],"about":[{"href":"https:\/\/isbw.be\/institution\/wp-json\/wp\/v2\/types\/page"}],"author":[{"embeddable":true,"href":"https:\/\/isbw.be\/institution\/wp-json\/wp\/v2\/users\/1"}],"replies":[{"embeddable":true,"href":"https:\/\/isbw.be\/institution\/wp-json\/wp\/v2\/comments?post=278"}],"version-history":[{"count":164,"href":"https:\/\/isbw.be\/institution\/wp-json\/wp\/v2\/pages\/278\/revisions"}],"predecessor-version":[{"id":1306,"href":"https:\/\/isbw.be\/institution\/wp-json\/wp\/v2\/pages\/278\/revisions\/1306"}],"wp:attachment":[{"href":"https:\/\/isbw.be\/institution\/wp-json\/wp\/v2\/media?parent=278"}],"curies":[{"name":"wp","href":"https:\/\/api.w.org\/{rel}","templated":true}]}}