{"id":284,"date":"2019-03-14T15:03:02","date_gmt":"2019-03-14T14:03:02","guid":{"rendered":"http:\/\/isbw.be\/institution\/?page_id=284"},"modified":"2026-04-23T16:49:27","modified_gmt":"2026-04-23T14:49:27","slug":"notre-organigramme","status":"publish","type":"page","link":"https:\/\/isbw.be\/institution\/notre-organigramme\/","title":{"rendered":"Notre organigramme"},"content":{"rendered":"<div id=\"pl-284\"  class=\"panel-layout\" ><div id=\"pg-284-0\"  class=\"panel-grid panel-has-style\" ><div class=\"siteorigin-panels-stretch panel-row-style panel-row-style-for-284-0\" id=\"Bkg2\" data-stretch-type=\"full\" ><div id=\"pgc-284-0-0\"  class=\"panel-grid-cell\" ><div id=\"panel-284-0-0-0\" class=\"so-panel widget widget_siteorigin-panels-builder panel-first-child panel-last-child\" data-index=\"0\" ><div id=\"pl-w6989a3d5a2713\"  class=\"panel-layout\" ><div id=\"pg-w6989a3d5a2713-0\"  class=\"panel-grid panel-no-style\" ><div id=\"pgc-w6989a3d5a2713-0-0\"  class=\"panel-grid-cell\" ><div id=\"panel-w6989a3d5a2713-0-0-0\" class=\"so-panel widget widget_sow-editor panel-first-child panel-last-child\" data-index=\"0\" ><div\n\t\t\t\n\t\t\tclass=\"so-widget-sow-editor so-widget-sow-editor-base\"\n\t\t\t\n\t\t>\n<div class=\"siteorigin-widget-tinymce textwidget\">\n\t<h1><strong>Notre organigramme<\/strong><\/h1>\n<\/div>\n<\/div><\/div><\/div><\/div><div id=\"pg-w6989a3d5a2713-1\"  class=\"panel-grid panel-has-style\" ><div class=\"Titrenonbouton panel-row-style panel-row-style-for-w6989a3d5a2713-1\" ><div id=\"pgc-w6989a3d5a2713-1-0\"  class=\"panel-grid-cell\" ><div id=\"panel-w6989a3d5a2713-1-0-0\" class=\"so-panel widget widget_sow-icon panel-first-child panel-last-child\" data-index=\"1\" ><div\n\t\t\t\n\t\t\tclass=\"so-widget-sow-icon so-widget-sow-icon-default-bea670614984\"\n\t\t\t\n\t\t>\n<div class=\"sow-icon-container sow-icon\">\n\t\t\t<span class=\"sow-icon-fontawesome sow-fas\" data-sow-icon=\"&#xf0a9;\"\n\t\t \n\t\taria-hidden=\"true\"><\/span>\t<\/div>\n<\/div><\/div><\/div><div id=\"pgc-w6989a3d5a2713-1-1\"  class=\"panel-grid-cell\" ><div id=\"panel-w6989a3d5a2713-1-1-0\" class=\"so-panel widget widget_sow-editor panel-first-child panel-last-child\" data-index=\"2\" ><div class=\"panel-widget-style panel-widget-style-for-w6989a3d5a2713-1-1-0\" ><div\n\t\t\t\n\t\t\tclass=\"so-widget-sow-editor so-widget-sow-editor-base\"\n\t\t\t\n\t\t>\n<div class=\"siteorigin-widget-tinymce textwidget\">\n\t<h2>Quelle est notre structure ?<\/h2>\n<\/div>\n<\/div><\/div><\/div><\/div><\/div><\/div><div id=\"pg-w6989a3d5a2713-2\"  class=\"panel-grid panel-no-style\" ><div id=\"pgc-w6989a3d5a2713-2-0\"  class=\"panel-grid-cell panel-grid-cell-empty\" ><\/div><div id=\"pgc-w6989a3d5a2713-2-1\"  class=\"panel-grid-cell\" ><div id=\"panel-w6989a3d5a2713-2-1-0\" class=\"so-panel widget widget_sow-editor panel-first-child panel-last-child\" data-index=\"3\" ><div class=\"panel-widget-style panel-widget-style-for-w6989a3d5a2713-2-1-0\" ><div\n\t\t\t\n\t\t\tclass=\"so-widget-sow-editor so-widget-sow-editor-base\"\n\t\t\t\n\t\t>\n<div class=\"siteorigin-widget-tinymce textwidget\">\n\t<p>Version texte :<\/p>\n<h3 style=\"padding-left: 40px;\">L'Assembl\u00e9e g\u00e9n\u00e9rale<\/h3>\n<h4 style=\"padding-left: 80px;\">Le Conseil d'administration<\/h4>\n<h5 style=\"padding-left: 120px;\">Le Bureau ex\u00e9cutif<\/h5>\n<h4 style=\"padding-left: 80px;\">Le Comit\u00e9 de r\u00e9mun\u00e9ration<\/h4>\n<h4 style=\"padding-left: 80px;\">Le Comit\u00e9 d\u2019audit<\/h4>\n<p style=\"padding-left: 80px;\">En lien direct avec le Conseil d'administration :<\/p>\n<ul>\n<li style=\"list-style-type: none;\">\n<ul>\n<li style=\"list-style-type: none;\">\n<ul>\n<li>la Concertation syndicale<\/li>\n<li><a href=\"https:\/\/isbw.be\/service-interne-pour-la-prevention-et-la-protection-au-travail\/\" target=\"_blank\" rel=\"noopener\">le Service Interne de Pr\u00e9vention et de Protection du travailleur (SIPP)<\/a><\/li>\n<li><a href=\"https:\/\/isbw.be\/mentions-legales\/\" target=\"_blank\" rel=\"noopener\">le D\u00e9l\u00e9gu\u00e9 \u00e0 la Protection des Donn\u00e9es (DPD)<\/a><\/li>\n<\/ul>\n<\/li>\n<\/ul>\n<\/li>\n<\/ul>\n<h3 style=\"padding-left: 40px;\">La Direction g\u00e9n\u00e9rale<\/h3>\n<h4 style=\"padding-left: 80px;\">Adjointe \u00e0 la Direction g\u00e9n\u00e9rale<\/h4>\n<ul>\n<li style=\"list-style-type: none;\">\n<ul>\n<li style=\"list-style-type: none;\">\n<ul>\n<li>P\u00f4le Budget &amp; Finances<\/li>\n<li>P\u00f4le Ressources humaines<\/li>\n<\/ul>\n<\/li>\n<\/ul>\n<\/li>\n<\/ul>\n<h4 style=\"padding-left: 80px;\">D\u00e9partement Sant\u00e9 &amp; Familles<\/h4>\n<ul>\n<li style=\"list-style-type: none;\">\n<ul>\n<li style=\"list-style-type: none;\">\n<ul>\n<li>Service d'aide aux familles et aux a\u00een\u00e9s<\/li>\n<li>Service d'accompagnement de la personne handicap\u00e9e<br \/>\nJobcoaching<\/li>\n<\/ul>\n<\/li>\n<\/ul>\n<\/li>\n<\/ul>\n<h4 style=\"padding-left: 80px;\">D\u00e9partement Accueil de l'enfant de 3 \u00e0 12 ans<\/h4>\n<ul>\n<li style=\"list-style-type: none;\">\n<ul>\n<li style=\"list-style-type: none;\">\n<ul>\n<li>Service d'accueil extrascolaire et plaines de vacances<\/li>\n<\/ul>\n<\/li>\n<\/ul>\n<\/li>\n<\/ul>\n<h4 style=\"padding-left: 80px;\">D\u00e9partement Formation &amp; Accueil de l'enfant de 0 \u00e0 3 ans<\/h4>\n<ul>\n<li style=\"list-style-type: none;\">\n<ul>\n<li style=\"list-style-type: none;\">\n<ul>\n<li>Service des accueillant(e)s d'enfants<\/li>\n<li>Pu\u00e9ricultrices relais<\/li>\n<li>Service formation<\/li>\n<\/ul>\n<\/li>\n<\/ul>\n<\/li>\n<\/ul>\n<h4 style=\"padding-left: 80px;\">Informatique et communication<\/h4>\n<p>&nbsp;<\/p>\n<p>Version graphique :<\/p>\n<p>&nbsp;<\/p>\n<p style=\"padding-left: 40px;\"><img loading=\"lazy\" decoding=\"async\" class=\"alignnone size-full wp-image-1318\" src=\"https:\/\/isbw.be\/institution\/wp-content\/uploads\/sites\/2\/2026\/02\/2026-Organigramme.png\" alt=\"organigramme de l'Intercommunale sociale du Brabant wallon\" width=\"677\" height=\"600\" srcset=\"https:\/\/isbw.be\/institution\/wp-content\/uploads\/sites\/2\/2026\/02\/2026-Organigramme.png 677w, https:\/\/isbw.be\/institution\/wp-content\/uploads\/sites\/2\/2026\/02\/2026-Organigramme-300x266.png 300w\" sizes=\"auto, (max-width: 677px) 100vw, 677px\" \/><\/p>\n<\/div>\n<\/div><\/div><\/div><\/div><\/div><div id=\"pg-w6989a3d5a2713-3\"  class=\"panel-grid panel-no-style\" ><div id=\"pgc-w6989a3d5a2713-3-0\"  class=\"panel-grid-cell panel-grid-cell-empty\" ><\/div><div id=\"pgc-w6989a3d5a2713-3-1\"  class=\"panel-grid-cell\" ><div id=\"panel-w6989a3d5a2713-3-1-0\" class=\"so-panel widget widget_sow-editor panel-first-child panel-last-child\" data-index=\"4\" ><div class=\"panel-widget-style panel-widget-style-for-w6989a3d5a2713-3-1-0\" ><div\n\t\t\t\n\t\t\tclass=\"so-widget-sow-editor so-widget-sow-editor-base\"\n\t\t\t\n\t\t>\n<div class=\"siteorigin-widget-tinymce textwidget\">\n\t<h3>Contact<\/h3>\n<p style=\"text-align: left; padding-left: 30px;\">Intercommunale Sociale du Brabant Wallon<br \/>\nSi\u00e8ge social : Rue du Cerf 200, 1332 Rixensart<br \/>\nCourriel : <span style=\"color: #000000;\"><a style=\"color: #000000;\" href=\"mailto:info@isbw.be\">info@isbw.be<\/a><\/span><br \/>\nT\u00e9l\u00e9phone : <span style=\"color: #000000;\"><a style=\"color: #000000;\" href=\"tel:+3223151351\">02 - 315.13.51<\/a><\/span><\/p>\n<\/div>\n<\/div><\/div><\/div><\/div><\/div><\/div><\/div><\/div><\/div><\/div><div id=\"pg-284-1\"  class=\"panel-grid panel-has-style\" ><div class=\"siteorigin-panels-stretch panel-row-style panel-row-style-for-284-1\" data-stretch-type=\"full\" ><div id=\"pgc-284-1-0\"  class=\"panel-grid-cell\" ><div id=\"panel-284-1-0-0\" class=\"so-panel widget widget_siteorigin-panels-builder panel-first-child panel-last-child\" data-index=\"1\" ><div id=\"pl-w69ea317775a08\"  class=\"panel-layout\" ><div id=\"pg-w69ea317775a08-0\"  class=\"panel-grid panel-has-style\" ><div class=\"panel-row-style panel-row-style-for-w69ea317775a08-0\" ><div id=\"pgc-w69ea317775a08-0-0\"  class=\"panel-grid-cell panel-grid-cell-empty\" ><\/div><div id=\"pgc-w69ea317775a08-0-1\"  class=\"panel-grid-cell panel-grid-cell-empty\" ><\/div><div id=\"pgc-w69ea317775a08-0-2\"  class=\"panel-grid-cell panel-grid-cell-empty\" ><\/div><div id=\"pgc-w69ea317775a08-0-3\"  class=\"panel-grid-cell panel-grid-cell-empty\" ><\/div><div id=\"pgc-w69ea317775a08-0-4\"  class=\"panel-grid-cell\" ><div id=\"panel-w69ea317775a08-0-4-0\" class=\"so-panel widget widget_sow-button panel-first-child panel-last-child\" data-index=\"0\" ><div\n\t\t\t\n\t\t\tclass=\"so-widget-sow-button so-widget-sow-button-flat-ec9c1461ebce\"\n\t\t\t\n\t\t><div class=\"ow-button-base ow-button-align-right\"\n>\n\t\t\t<a\n\t\t\t\t\thref=\"https:\/\/isbw.be\/institution\/\"\n\t\t\t\t\tclass=\"sowb-button ow-icon-placement-left ow-button-hover\" title=\"vers Page d&#039;accueil\" \t>\n\t\t<span>\n\t\t\t<span class=\"sow-icon-ionicons\" data-sow-icon=\"&#xf38f;\"\n\t\tstyle=\"\" \n\t\taria-hidden=\"true\"><\/span>\n\t\t\t\t\t<\/span>\n\t\t\t<\/a>\n\t<\/div>\n<\/div><\/div><\/div><\/div><\/div><\/div><\/div><\/div><\/div><\/div><\/div>","protected":false},"excerpt":{"rendered":"<p>Notre organigramme Quelle est notre structure ? Version texte : L&rsquo;Assembl\u00e9e g\u00e9n\u00e9rale Le Conseil d&rsquo;administration Le Bureau ex\u00e9cutif Le Comit\u00e9 de r\u00e9mun\u00e9ration Le Comit\u00e9 d\u2019audit En lien direct avec le Conseil d&rsquo;administration : la Concertation syndicale le Service Interne de Pr\u00e9vention et de Protection du travailleur (SIPP) le D\u00e9l\u00e9gu\u00e9 \u00e0 la Protection des Donn\u00e9es (DPD) [&hellip;]<\/p>\n","protected":false},"author":1,"featured_media":0,"parent":0,"menu_order":0,"comment_status":"closed","ping_status":"closed","template":"","meta":{"footnotes":""},"class_list":["post-284","page","type-page","status-publish","czr-hentry"],"_links":{"self":[{"href":"https:\/\/isbw.be\/institution\/wp-json\/wp\/v2\/pages\/284","targetHints":{"allow":["GET"]}}],"collection":[{"href":"https:\/\/isbw.be\/institution\/wp-json\/wp\/v2\/pages"}],"about":[{"href":"https:\/\/isbw.be\/institution\/wp-json\/wp\/v2\/types\/page"}],"author":[{"embeddable":true,"href":"https:\/\/isbw.be\/institution\/wp-json\/wp\/v2\/users\/1"}],"replies":[{"embeddable":true,"href":"https:\/\/isbw.be\/institution\/wp-json\/wp\/v2\/comments?post=284"}],"version-history":[{"count":56,"href":"https:\/\/isbw.be\/institution\/wp-json\/wp\/v2\/pages\/284\/revisions"}],"predecessor-version":[{"id":1342,"href":"https:\/\/isbw.be\/institution\/wp-json\/wp\/v2\/pages\/284\/revisions\/1342"}],"wp:attachment":[{"href":"https:\/\/isbw.be\/institution\/wp-json\/wp\/v2\/media?parent=284"}],"curies":[{"name":"wp","href":"https:\/\/api.w.org\/{rel}","templated":true}]}}