{"id":1023,"date":"2019-03-15T12:30:23","date_gmt":"2019-03-15T11:30:23","guid":{"rendered":"http:\/\/isbw.be\/professionnel\/?page_id=1023"},"modified":"2024-02-19T11:32:34","modified_gmt":"2024-02-19T10:32:34","slug":"le-service-interne-de-prevention-et-de-protection","status":"publish","type":"page","link":"https:\/\/isbw.be\/professionnel\/services-generaux\/le-service-interne-de-prevention-et-de-protection\/","title":{"rendered":"Le Service interne de pr\u00e9vention et de protection"},"content":{"rendered":"<div id=\"pl-1023\"  class=\"panel-layout\" ><div id=\"pg-1023-0\"  class=\"panel-grid panel-has-style\" ><div class=\"siteorigin-panels-stretch panel-row-style panel-row-style-for-1023-0\" id=\"Bkg2\" data-stretch-type=\"full\" ><div id=\"pgc-1023-0-0\"  class=\"panel-grid-cell\" ><div id=\"panel-1023-0-0-0\" class=\"so-panel widget widget_siteorigin-panels-builder panel-first-child panel-last-child\" data-index=\"0\" ><div id=\"pl-w65d32e3ca49f5\"  class=\"panel-layout\" ><div id=\"pg-w65d32e3ca49f5-0\"  class=\"panel-grid panel-no-style\" ><div id=\"pgc-w65d32e3ca49f5-0-0\"  class=\"panel-grid-cell\" ><div id=\"panel-w65d32e3ca49f5-0-0-0\" class=\"so-panel widget widget_sow-editor panel-first-child panel-last-child\" data-index=\"0\" ><div\n\t\t\t\n\t\t\tclass=\"so-widget-sow-editor so-widget-sow-editor-base\"\n\t\t\t\n\t\t>\n<div class=\"siteorigin-widget-tinymce textwidget\">\n\t<h1><strong>Les Services g\u00e9n\u00e9raux<\/strong><\/h1>\n<\/div>\n<\/div><\/div><\/div><\/div><div id=\"pg-w65d32e3ca49f5-1\"  class=\"panel-grid panel-has-style\" ><div class=\"Titrenonbouton panel-row-style panel-row-style-for-w65d32e3ca49f5-1\" ><div id=\"pgc-w65d32e3ca49f5-1-0\"  class=\"panel-grid-cell\" ><div id=\"panel-w65d32e3ca49f5-1-0-0\" class=\"so-panel widget widget_sow-icon panel-first-child panel-last-child\" data-index=\"1\" ><div\n\t\t\t\n\t\t\tclass=\"so-widget-sow-icon so-widget-sow-icon-default-bea670614984\"\n\t\t\t\n\t\t>\n<div class=\"sow-icon-container sow-icon\">\n\t\t\t<span class=\"sow-icon-fontawesome sow-fas\" data-sow-icon=\"&#xf0a9;\"\n\t\t \n\t\taria-hidden=\"true\"><\/span>\t<\/div>\n<\/div><\/div><\/div><div id=\"pgc-w65d32e3ca49f5-1-1\"  class=\"panel-grid-cell\" ><div id=\"panel-w65d32e3ca49f5-1-1-0\" class=\"so-panel widget widget_sow-editor panel-first-child panel-last-child\" data-index=\"2\" ><div\n\t\t\t\n\t\t\tclass=\"so-widget-sow-editor so-widget-sow-editor-base\"\n\t\t\t\n\t\t>\n<div class=\"siteorigin-widget-tinymce textwidget\">\n\t<h2>Le Service interne de pr\u00e9vention et de protection<\/h2>\n<\/div>\n<\/div><\/div><\/div><\/div><\/div><div id=\"pg-w65d32e3ca49f5-2\"  class=\"panel-grid panel-has-style\" ><div class=\"Titrenonbouton panel-row-style panel-row-style-for-w65d32e3ca49f5-2\" ><div id=\"pgc-w65d32e3ca49f5-2-0\"  class=\"panel-grid-cell panel-grid-cell-empty\" ><\/div><div id=\"pgc-w65d32e3ca49f5-2-1\"  class=\"panel-grid-cell\" ><div id=\"panel-w65d32e3ca49f5-2-1-0\" class=\"so-panel widget widget_sow-editor panel-first-child panel-last-child\" data-index=\"3\" ><div class=\"panel-widget-style panel-widget-style-for-w65d32e3ca49f5-2-1-0\" ><div\n\t\t\t\n\t\t\tclass=\"so-widget-sow-editor so-widget-sow-editor-base\"\n\t\t\t\n\t\t>\n<div class=\"siteorigin-widget-tinymce textwidget\">\n\t<p style=\"text-align: left; padding-left: 90px;\"><span style=\"color: #000000;\"><a style=\"color: #000000;\" href=\"https:\/\/isbw.be\/professionnel\/services-generaux\/le-service-interne-de-prevention-et-de-protection#PROsippQuisommesnous\"><strong>Qui sommes-nous ?<\/strong><\/a><\/span><\/p>\n<p style=\"text-align: left; padding-left: 90px;\"><span style=\"color: #000000;\"><a style=\"color: #000000;\" href=\"https:\/\/isbw.be\/professionnel\/services-generaux\/le-service-interne-de-prevention-et-de-protection#PROsippLequipe\"><strong>L'\u00e9quipe<\/strong><\/a><\/span><\/p>\n<p style=\"text-align: left; padding-left: 90px;\"><span style=\"color: #000000;\"><a style=\"color: #000000;\" href=\"https:\/\/isbw.be\/professionnel\/services-generaux\/le-service-interne-de-prevention-et-de-protection#PROsippPersonnedeconfiance\"><strong>Personne de confiance<\/strong><\/a><\/span><\/p>\n<p style=\"text-align: left; padding-left: 90px;\"><span style=\"color: #000000;\"><a style=\"color: #000000;\" href=\"https:\/\/isbw.be\/professionnel\/services-generaux\/le-service-interne-de-prevention-et-de-protection#PROsippNouscontacter\"><strong>Nous contacter<\/strong><\/a><\/span><\/p>\n<div id=\"gtx-trans\" style=\"position: absolute; left: 69px; top: 70px;\">\n<div class=\"gtx-trans-icon\"><\/div>\n<\/div>\n<\/div>\n<\/div><\/div><\/div><\/div><\/div><\/div><div id=\"pg-w65d32e3ca49f5-3\"  class=\"panel-grid panel-has-style\" ><div class=\"Titrenonbouton panel-row-style panel-row-style-for-w65d32e3ca49f5-3\" ><div id=\"pgc-w65d32e3ca49f5-3-0\"  class=\"panel-grid-cell panel-grid-cell-empty\" ><\/div><div id=\"pgc-w65d32e3ca49f5-3-1\"  class=\"panel-grid-cell\" ><div id=\"panel-w65d32e3ca49f5-3-1-0\" class=\"so-panel widget widget_sow-editor panel-first-child panel-last-child\" data-index=\"4\" ><div class=\"BlocTexteDeco panel-widget-style panel-widget-style-for-w65d32e3ca49f5-3-1-0\" ><div\n\t\t\t\n\t\t\tclass=\"so-widget-sow-editor so-widget-sow-editor-base\"\n\t\t\t\n\t\t>\n<div class=\"siteorigin-widget-tinymce textwidget\">\n\t<h3><a id=\"PROsippQuisommesnous\"><\/a>Qui sommes-nous ?<\/h3>\n<p style=\"padding-left: 30px;\">Le Service Interne de Pr\u00e9vention et de Protection au travail conseille l\u2019employeur lors de l\u2019application des mesures \u00e0 prendre dans le cadre du bien-\u00eatre des travailleurs lors de l'ex\u00e9cution de leur travail.<\/p>\n<p style=\"padding-left: 30px;\">Le service interne r\u00e9alise l\u2019analyse permanente du risque afin que les conditions de travail r\u00e9pondent au mieux aux crit\u00e8res de s\u00e9curit\u00e9 et de bien-\u00eatre.<\/p>\n<p style=\"padding-left: 30px;\">En identifiant les risques pr\u00e9sents le S.I.P.P. participe au plan global de pr\u00e9vention et le plan d\u2019action annuel.<\/p>\n<p style=\"padding-left: 30px;\">Lors de sa mission, il :<\/p>\n<ul class=\"Decaliste\">\n<li> analyse les causes des accidents du travail et propose des mesures de pr\u00e9vention.<\/li>\n<li> donne un avis sur la r\u00e9daction d'instructions, sur les informations, l'accueil et la formation des travailleurs ;<\/li>\n<li> r\u00e9pond \u00e0 toutes les questions des travailleurs sur l'application de la l\u00e9gislation ;<\/li>\n<li>\u00e9labore et met en place une proc\u00e9dure d'urgence interne.<\/li>\n<\/ul>\n<\/div>\n<\/div><\/div><\/div><\/div><\/div><\/div><div id=\"pg-w65d32e3ca49f5-4\"  class=\"panel-grid panel-has-style\" ><div class=\"Titrenonbouton panel-row-style panel-row-style-for-w65d32e3ca49f5-4\" ><div id=\"pgc-w65d32e3ca49f5-4-0\"  class=\"panel-grid-cell panel-grid-cell-empty\" ><\/div><div id=\"pgc-w65d32e3ca49f5-4-1\"  class=\"panel-grid-cell\" ><div id=\"panel-w65d32e3ca49f5-4-1-0\" class=\"so-panel widget widget_sow-editor panel-first-child panel-last-child\" data-index=\"5\" ><div class=\"BlocTexteDeco panel-widget-style panel-widget-style-for-w65d32e3ca49f5-4-1-0\" ><div\n\t\t\t\n\t\t\tclass=\"so-widget-sow-editor so-widget-sow-editor-base\"\n\t\t\t\n\t\t>\n<div class=\"siteorigin-widget-tinymce textwidget\">\n\t<h3><a id=\"PROsippLequipe\"><\/a>Personne de contact :<\/h3>\n<p style=\"padding-left: 40px;\">DEFRENNE Nathana\u00ebl :<\/p>\n<p style=\"padding-left: 80px;\">T\u00e9l\u00e9phone <a href=\"tel:023151359\">02\/315.13.59<\/a><\/p>\n<p style=\"padding-left: 80px;\">E-mail : <a href=\"mailto:nathanael.defrenne@isbw.be\">nathanael.defrenne@isbw.be<\/a><\/p>\n<\/div>\n<\/div><\/div><\/div><\/div><\/div><\/div><div id=\"pg-w65d32e3ca49f5-5\"  class=\"panel-grid panel-has-style\" ><div class=\"Titrenonbouton panel-row-style panel-row-style-for-w65d32e3ca49f5-5\" ><div id=\"pgc-w65d32e3ca49f5-5-0\"  class=\"panel-grid-cell panel-grid-cell-empty\" ><\/div><div id=\"pgc-w65d32e3ca49f5-5-1\"  class=\"panel-grid-cell\" ><div id=\"panel-w65d32e3ca49f5-5-1-0\" class=\"so-panel widget widget_sow-editor panel-first-child panel-last-child\" data-index=\"6\" ><div class=\"BlocTexteDeco panel-widget-style panel-widget-style-for-w65d32e3ca49f5-5-1-0\" ><div\n\t\t\t\n\t\t\tclass=\"so-widget-sow-editor so-widget-sow-editor-base\"\n\t\t\t\n\t\t>\n<div class=\"siteorigin-widget-tinymce textwidget\">\n\t<h3><a id=\"PROsippPersonnedeconfiance\"><\/a>Personne de confiance :<\/h3>\n<p style=\"padding-left: 40px;\">Soucieuse du bien-\u00eatre physique et psychique de ses collaborateurs, l\u2019ISBW dispose d\u2019une personne de confiance. La personne de confiance est \u00e0 la disposition des agents qui vivent ou constatent \u00e0 l\u2019\u00e9gard d\u2019un autre membre du personnel des situations ou faits de violence, de harc\u00e8lement (moral ou sexuel) au travail. Elle re\u00e7oit, en toute confidentialit\u00e9, les membres du personnel de l\u2019ISBW qui le souhaitent durant leur temps de travail soit \u00e0 Chastre, soit ailleurs si n\u00e9cessaire.<br \/>\nLa personne de confiance recherchera avec le demandeur des solutions.<\/p>\n<p style=\"padding-left: 40px;\">Personne de contact : HASSOUNI Mouad - <a href=\"tel:023151324\">02 \/ 315.13.24<\/a><\/p>\n<\/div>\n<\/div><\/div><\/div><\/div><\/div><\/div><div id=\"pg-w65d32e3ca49f5-6\"  class=\"panel-grid panel-has-style\" ><div class=\"Titrenonbouton panel-row-style panel-row-style-for-w65d32e3ca49f5-6\" ><div id=\"pgc-w65d32e3ca49f5-6-0\"  class=\"panel-grid-cell panel-grid-cell-empty\" ><\/div><div id=\"pgc-w65d32e3ca49f5-6-1\"  class=\"panel-grid-cell\" ><div id=\"panel-w65d32e3ca49f5-6-1-0\" class=\"so-panel widget widget_sow-editor panel-first-child panel-last-child\" data-index=\"7\" ><div class=\"panel-widget-style panel-widget-style-for-w65d32e3ca49f5-6-1-0\" ><div\n\t\t\t\n\t\t\tclass=\"so-widget-sow-editor so-widget-sow-editor-base\"\n\t\t\t\n\t\t>\n<div class=\"siteorigin-widget-tinymce textwidget\">\n\t<h3><a id=\"PROsippNouscontacter\"><\/a>Nous contacter...<\/h3>\n<p style=\"padding-left: 30px;\"><b>Notre adresse postale :<\/b><\/p>\n<p style=\"padding-left: 60px;\">Intercommunale sociale du Brabant wallon, SIPP, rue du Cerf 200, 1332 Rixensart.<\/p>\n<p>&nbsp;<\/p>\n<p style=\"padding-left: 30px;\">Par t\u00e9l\u00e9phone : <a href=\"tel:+3223151359\"><span style=\"color: #000000;\">02 - 315.13.59<\/span><\/a><\/p>\n<\/div>\n<\/div><\/div><\/div><\/div><\/div><\/div><\/div><\/div><\/div><\/div><\/div><div id=\"pg-1023-1\"  class=\"panel-grid panel-has-style\" ><div class=\"siteorigin-panels-stretch panel-row-style panel-row-style-for-1023-1\" data-stretch-type=\"full\" ><div id=\"pgc-1023-1-0\"  class=\"panel-grid-cell\" ><div id=\"panel-1023-1-0-0\" class=\"so-panel widget widget_sow-button panel-first-child panel-last-child\" data-index=\"1\" ><div class=\"BoutonQuestion panel-widget-style panel-widget-style-for-1023-1-0-0\" ><div\n\t\t\t\n\t\t\tclass=\"so-widget-sow-button so-widget-sow-button-flat-6b5f058a71cd-1023\"\n\t\t\t\n\t\t><div class=\"ow-button-base ow-button-align-left\"\n>\n\t\t\t<a\n\t\t\t\t\thref=\"https:\/\/isbw.be\/professionnel\/services-generaux\/le-pole-budget-finances\/\"\n\t\t\t\t\tclass=\"sowb-button ow-icon-placement-left ow-button-hover\" title=\"vers le Job-coaching\" \t>\n\t\t<span>\n\t\t\t<span class=\"sow-icon-fontawesome sow-far\" data-sow-icon=\"&#xf0a4;\"\n\t\tstyle=\"color: #dd3333\" \n\t\taria-hidden=\"true\"><\/span>\n\t\t\tLe P\u00f4le budgets et finances\t\t<\/span>\n\t\t\t<\/a>\n\t<\/div>\n<\/div><\/div><\/div><\/div><\/div><\/div><div id=\"pg-1023-2\"  class=\"panel-grid panel-has-style\" ><div class=\"siteorigin-panels-stretch panel-row-style panel-row-style-for-1023-2\" data-stretch-type=\"full\" ><div id=\"pgc-1023-2-0\"  class=\"panel-grid-cell\" ><div id=\"panel-1023-2-0-0\" class=\"so-panel widget widget_sow-button panel-first-child panel-last-child\" data-index=\"2\" ><div class=\"BoutonQuestion panel-widget-style panel-widget-style-for-1023-2-0-0\" ><div\n\t\t\t\n\t\t\tclass=\"so-widget-sow-button so-widget-sow-button-flat-6b5f058a71cd-1023\"\n\t\t\t\n\t\t><div class=\"ow-button-base ow-button-align-left\"\n>\n\t\t\t<a\n\t\t\t\t\thref=\"https:\/\/isbw.be\/professionnel\/services-generaux\/le-pole-ressources-humaines\/\"\n\t\t\t\t\tclass=\"sowb-button ow-icon-placement-left ow-button-hover\" title=\"vers le Job-coaching\" \t>\n\t\t<span>\n\t\t\t<span class=\"sow-icon-fontawesome sow-far\" data-sow-icon=\"&#xf0a4;\"\n\t\tstyle=\"color: #dd3333\" \n\t\taria-hidden=\"true\"><\/span>\n\t\t\tLe P\u00f4le ressources humaines\t\t<\/span>\n\t\t\t<\/a>\n\t<\/div>\n<\/div><\/div><\/div><\/div><\/div><\/div><div id=\"pg-1023-3\"  class=\"panel-grid panel-has-style\" ><div class=\"siteorigin-panels-stretch panel-row-style panel-row-style-for-1023-3\" data-stretch-type=\"full\" ><div id=\"pgc-1023-3-0\"  class=\"panel-grid-cell\" ><div id=\"panel-1023-3-0-0\" class=\"so-panel widget widget_sow-button panel-first-child panel-last-child\" data-index=\"3\" ><div class=\"BoutonQuestion panel-widget-style panel-widget-style-for-1023-3-0-0\" ><div\n\t\t\t\n\t\t\tclass=\"so-widget-sow-button so-widget-sow-button-flat-6b5f058a71cd-1023\"\n\t\t\t\n\t\t><div class=\"ow-button-base ow-button-align-left\"\n>\n\t\t\t<a\n\t\t\t\t\thref=\"https:\/\/isbw.be\/professionnel\/services-generaux\/le-service-informatique-et-communication\/\"\n\t\t\t\t\tclass=\"sowb-button ow-icon-placement-left ow-button-hover\" title=\"vers le Job-coaching\" \t>\n\t\t<span>\n\t\t\t<span class=\"sow-icon-fontawesome sow-far\" data-sow-icon=\"&#xf0a4;\"\n\t\tstyle=\"color: #dd3333\" \n\t\taria-hidden=\"true\"><\/span>\n\t\t\tLe Service informatique et communication\t\t<\/span>\n\t\t\t<\/a>\n\t<\/div>\n<\/div><\/div><\/div><\/div><\/div><\/div><div id=\"pg-1023-4\"  class=\"panel-grid panel-has-style\" ><div class=\"siteorigin-panels-stretch panel-row-style panel-row-style-for-1023-4\" data-stretch-type=\"full\" ><div id=\"pgc-1023-4-0\"  class=\"panel-grid-cell\" ><div id=\"panel-1023-4-0-0\" class=\"so-panel widget widget_sow-button panel-first-child panel-last-child\" data-index=\"4\" ><div class=\"BoutonQuestion panel-widget-style panel-widget-style-for-1023-4-0-0\" ><div\n\t\t\t\n\t\t\tclass=\"so-widget-sow-button so-widget-sow-button-flat-6b5f058a71cd-1023\"\n\t\t\t\n\t\t><div class=\"ow-button-base ow-button-align-left\"\n>\n\t\t\t<a\n\t\t\t\t\thref=\"https:\/\/isbw.be\/professionnel\/services-generaux\/la-direction-generale\/\"\n\t\t\t\t\tclass=\"sowb-button ow-icon-placement-left ow-button-hover\" title=\"vers le Job-coaching\" \t>\n\t\t<span>\n\t\t\t<span class=\"sow-icon-fontawesome sow-far\" data-sow-icon=\"&#xf0a4;\"\n\t\tstyle=\"color: #dd3333\" \n\t\taria-hidden=\"true\"><\/span>\n\t\t\tLa Direction g\u00e9n\u00e9rale\t\t<\/span>\n\t\t\t<\/a>\n\t<\/div>\n<\/div><\/div><\/div><\/div><\/div><\/div><div id=\"pg-1023-5\"  class=\"panel-grid panel-has-style\" ><div class=\"siteorigin-panels-stretch panel-row-style panel-row-style-for-1023-5\" data-stretch-type=\"full\" ><div id=\"pgc-1023-5-0\"  class=\"panel-grid-cell\" ><div id=\"panel-1023-5-0-0\" class=\"so-panel widget widget_siteorigin-panels-builder panel-first-child panel-last-child\" data-index=\"5\" ><div id=\"pl-w5c6191a927186\"  class=\"panel-layout\" ><div id=\"pg-w5c6191a927186-0\"  class=\"panel-grid panel-has-style\" ><div class=\"panel-row-style panel-row-style-for-w5c6191a927186-0\" ><div id=\"pgc-w5c6191a927186-0-0\"  class=\"panel-grid-cell panel-grid-cell-empty\" ><\/div><div id=\"pgc-w5c6191a927186-0-1\"  class=\"panel-grid-cell panel-grid-cell-empty\" ><\/div><div id=\"pgc-w5c6191a927186-0-2\"  class=\"panel-grid-cell panel-grid-cell-empty\" ><\/div><div id=\"pgc-w5c6191a927186-0-3\"  class=\"panel-grid-cell panel-grid-cell-empty\" ><\/div><div id=\"pgc-w5c6191a927186-0-4\"  class=\"panel-grid-cell\" ><div id=\"panel-w5c6191a927186-0-4-0\" class=\"so-panel widget widget_sow-button panel-first-child panel-last-child\" data-index=\"0\" ><div\n\t\t\t\n\t\t\tclass=\"so-widget-sow-button so-widget-sow-button-flat-de31a69c3823\"\n\t\t\t\n\t\t><div class=\"ow-button-base ow-button-align-right\"\n>\n\t\t\t<a\n\t\t\t\t\thref=\"https:\/\/isbw.be\/professionnel\/services-generaux\/\"\n\t\t\t\t\tclass=\"sowb-button ow-icon-placement-left ow-button-hover\" title=\"vers l&#039;Accompagnement\" \t>\n\t\t<span>\n\t\t\t<span class=\"sow-icon-ionicons\" data-sow-icon=\"&#xf124;\"\n\t\tstyle=\"color: #ffffff\" \n\t\taria-hidden=\"true\"><\/span>\n\t\t\t\t\t<\/span>\n\t\t\t<\/a>\n\t<\/div>\n<\/div><\/div><\/div><\/div><\/div><\/div><\/div><\/div><\/div><\/div><\/div>","protected":false},"excerpt":{"rendered":"<p>Les Services g\u00e9n\u00e9raux Le Service interne de pr\u00e9vention et de protection Qui sommes-nous ? L&rsquo;\u00e9quipe Personne de confiance Nous contacter Qui sommes-nous ? Le Service Interne de Pr\u00e9vention et de Protection au travail conseille l\u2019employeur lors de l\u2019application des mesures \u00e0 prendre dans le cadre du bien-\u00eatre des travailleurs lors de l&rsquo;ex\u00e9cution de leur travail. [&hellip;]<\/p>\n","protected":false},"author":1,"featured_media":0,"parent":437,"menu_order":0,"comment_status":"closed","ping_status":"closed","template":"","meta":{"footnotes":""},"class_list":["post-1023","page","type-page","status-publish","czr-hentry"],"_links":{"self":[{"href":"https:\/\/isbw.be\/professionnel\/wp-json\/wp\/v2\/pages\/1023","targetHints":{"allow":["GET"]}}],"collection":[{"href":"https:\/\/isbw.be\/professionnel\/wp-json\/wp\/v2\/pages"}],"about":[{"href":"https:\/\/isbw.be\/professionnel\/wp-json\/wp\/v2\/types\/page"}],"author":[{"embeddable":true,"href":"https:\/\/isbw.be\/professionnel\/wp-json\/wp\/v2\/users\/1"}],"replies":[{"embeddable":true,"href":"https:\/\/isbw.be\/professionnel\/wp-json\/wp\/v2\/comments?post=1023"}],"version-history":[{"count":42,"href":"https:\/\/isbw.be\/professionnel\/wp-json\/wp\/v2\/pages\/1023\/revisions"}],"predecessor-version":[{"id":2799,"href":"https:\/\/isbw.be\/professionnel\/wp-json\/wp\/v2\/pages\/1023\/revisions\/2799"}],"up":[{"embeddable":true,"href":"https:\/\/isbw.be\/professionnel\/wp-json\/wp\/v2\/pages\/437"}],"wp:attachment":[{"href":"https:\/\/isbw.be\/professionnel\/wp-json\/wp\/v2\/media?parent=1023"}],"curies":[{"name":"wp","href":"https:\/\/api.w.org\/{rel}","templated":true}]}}