{"id":361,"date":"2019-02-07T15:02:16","date_gmt":"2019-02-07T14:02:16","guid":{"rendered":"http:\/\/isbw.be\/professionnel\/?page_id=361"},"modified":"2026-02-09T12:23:50","modified_gmt":"2026-02-09T11:23:50","slug":"le-service-des-puericultrices-relais","status":"publish","type":"page","link":"https:\/\/isbw.be\/professionnel\/departement-accueil-de-lenfant-de-0-a-3-ans\/le-service-des-puericultrices-relais\/","title":{"rendered":"Le Service des pu\u00e9ricultrices relais"},"content":{"rendered":"<div id=\"pl-361\"  class=\"panel-layout\" ><div id=\"pg-361-0\"  class=\"panel-grid panel-has-style\" ><div class=\"siteorigin-panels-stretch panel-row-style panel-row-style-for-361-0\" id=\"Bkg2\" data-stretch-type=\"full\" ><div id=\"pgc-361-0-0\"  class=\"panel-grid-cell\" ><div id=\"panel-361-0-0-0\" class=\"so-panel widget widget_siteorigin-panels-builder panel-first-child panel-last-child\" data-index=\"0\" ><div id=\"pl-w67a364c661bf5\"  class=\"panel-layout\" ><div id=\"pg-w67a364c661bf5-0\"  class=\"panel-grid panel-no-style\" ><div id=\"pgc-w67a364c661bf5-0-0\"  class=\"panel-grid-cell\" ><div id=\"panel-w67a364c661bf5-0-0-0\" class=\"so-panel widget widget_sow-editor panel-first-child panel-last-child\" data-index=\"0\" ><div\n\t\t\t\n\t\t\tclass=\"so-widget-sow-editor so-widget-sow-editor-base\"\n\t\t\t\n\t\t>\n<div class=\"siteorigin-widget-tinymce textwidget\">\n\t<h1><strong>D\u00e9partement Accueil de l'enfant de 0 \u00e0 3 ans<\/strong><\/h1>\n<\/div>\n<\/div><\/div><\/div><\/div><div id=\"pg-w67a364c661bf5-1\"  class=\"panel-grid panel-has-style\" ><div class=\"Titrenonbouton panel-row-style panel-row-style-for-w67a364c661bf5-1\" ><div id=\"pgc-w67a364c661bf5-1-0\"  class=\"panel-grid-cell\" ><div id=\"panel-w67a364c661bf5-1-0-0\" class=\"so-panel widget widget_sow-icon panel-first-child panel-last-child\" data-index=\"1\" ><div\n\t\t\t\n\t\t\tclass=\"so-widget-sow-icon so-widget-sow-icon-default-bea670614984\"\n\t\t\t\n\t\t>\n<div class=\"sow-icon-container sow-icon\">\n\t\t\t<span class=\"sow-icon-fontawesome sow-fas\" data-sow-icon=\"&#xf0a9;\"\n\t\t \n\t\taria-hidden=\"true\"><\/span>\t<\/div>\n<\/div><\/div><\/div><div id=\"pgc-w67a364c661bf5-1-1\"  class=\"panel-grid-cell\" ><div id=\"panel-w67a364c661bf5-1-1-0\" class=\"so-panel widget widget_sow-editor panel-first-child panel-last-child\" data-index=\"2\" ><div\n\t\t\t\n\t\t\tclass=\"so-widget-sow-editor so-widget-sow-editor-base\"\n\t\t\t\n\t\t>\n<div class=\"siteorigin-widget-tinymce textwidget\">\n\t<h2>Le Service des pu\u00e9ricultrices relais<\/h2>\n<\/div>\n<\/div><\/div><\/div><\/div><\/div><div id=\"pg-w67a364c661bf5-2\"  class=\"panel-grid panel-has-style\" ><div class=\"Titrenonbouton panel-row-style panel-row-style-for-w67a364c661bf5-2\" ><div id=\"pgc-w67a364c661bf5-2-0\"  class=\"panel-grid-cell panel-grid-cell-empty\" ><\/div><div id=\"pgc-w67a364c661bf5-2-1\"  class=\"panel-grid-cell\" ><div id=\"panel-w67a364c661bf5-2-1-0\" class=\"so-panel widget widget_sow-editor panel-first-child panel-last-child\" data-index=\"3\" ><div class=\"panel-widget-style panel-widget-style-for-w67a364c661bf5-2-1-0\" ><div\n\t\t\t\n\t\t\tclass=\"so-widget-sow-editor so-widget-sow-editor-base\"\n\t\t\t\n\t\t>\n<div class=\"siteorigin-widget-tinymce textwidget\">\n\t<p style=\"padding-left: 80px;\"><span style=\"color: #000000;\"><a style=\"color: #000000;\" href=\"https:\/\/isbw.be\/professionnel\/departement-accueil-de-lenfant-de-0-a-3-ans\/le-service-des-puericultrices-relais#PRO03sprQuisommesnous\"><strong>Qui sommes-nous ?<\/strong><\/a><\/span><\/p>\n<p style=\"padding-left: 80px;\"><span style=\"color: #000000;\"><a style=\"color: #000000;\" href=\"https:\/\/isbw.be\/professionnel\/departement-accueil-de-lenfant-de-0-a-3-ans\/le-service-des-puericultrices-relais#PRO03sprQueproposonsnous\"><strong>Que proposons-nous ?<\/strong><\/a><\/span><\/p>\n<p style=\"padding-left: 80px;\"><span style=\"color: #000000;\"><a style=\"color: #000000;\" href=\"https:\/\/isbw.be\/professionnel\/departement-accueil-de-lenfant-de-0-a-3-ans\/le-service-des-puericultrices-relais#PRO03sprPourqui\"><strong>Pour qui ?<\/strong><\/a><\/span><\/p>\n<p style=\"padding-left: 80px;\"><span style=\"color: #000000;\"><a style=\"color: #000000;\" href=\"https:\/\/isbw.be\/professionnel\/departement-accueil-de-lenfant-de-0-a-3-ans\/le-service-des-puericultrices-relais#PRO03sprFonctionnement\"><strong>Fonctionnement<\/strong><\/a><\/span><\/p>\n<p style=\"padding-left: 80px;\"><span style=\"color: #000000;\"><a style=\"color: #000000;\" href=\"https:\/\/isbw.be\/professionnel\/departement-accueil-de-lenfant-de-0-a-3-ans\/le-service-des-puericultrices-relais#PRO03sprLequipe\"><strong>L\u2019\u00e9quipe<\/strong><\/a><\/span><\/p>\n<p style=\"padding-left: 80px;\"><span style=\"color: #000000;\"><a style=\"color: #000000;\" href=\"https:\/\/isbw.be\/professionnel\/departement-accueil-de-lenfant-de-0-a-3-ans\/le-service-des-puericultrices-relais#PRO03sprNouscontacter\"><strong>Nous contacter<\/strong><\/a><\/span><\/p>\n<\/div>\n<\/div><\/div><\/div><\/div><\/div><\/div><div id=\"pg-w67a364c661bf5-3\"  class=\"panel-grid panel-has-style\" ><div class=\"Titrenonbouton panel-row-style panel-row-style-for-w67a364c661bf5-3\" ><div id=\"pgc-w67a364c661bf5-3-0\"  class=\"panel-grid-cell panel-grid-cell-empty\" ><\/div><div id=\"pgc-w67a364c661bf5-3-1\"  class=\"panel-grid-cell\" ><div id=\"panel-w67a364c661bf5-3-1-0\" class=\"so-panel widget widget_sow-editor panel-first-child panel-last-child\" data-index=\"4\" ><div class=\"BlocTexteDeco panel-widget-style panel-widget-style-for-w67a364c661bf5-3-1-0\" ><div\n\t\t\t\n\t\t\tclass=\"so-widget-sow-editor so-widget-sow-editor-base\"\n\t\t\t\n\t\t>\n<div class=\"siteorigin-widget-tinymce textwidget\">\n\t<h3><a id=\"PRO03sprQuisommesnous\"><\/a>Qui sommes- nous ?<\/h3>\n<p style=\"text-align: left; padding-left: 30px;\"><strong>Le Service des pu\u00e9ricultrices relais de l\u2019ISBW<\/strong> propose un r\u00e9el soutien pour la gestion des absences de personnel accueillant les enfants dans les milieux d\u2019accueil collectifs de la petite enfance en Brabant wallon. Il s\u2019agit d\u2019une formule unique dans notre province.<\/p>\n<p style=\"text-align: left; padding-left: 30px;\">Notre \u00e9quipe r\u00e9pond \u00e0 vos demandes de remplacements,<strong> urgentes ou non (maladie, cong\u00e9, formation, \u00e9cartement prophylactique\u2026)<\/strong>.<\/p>\n<p style=\"text-align: left; padding-left: 30px;\">Notre Service s'inscrit dans le cadre du<a href=\"https:\/\/isbw.be\/professionnel\/wp-content\/uploads\/sites\/3\/2020\/10\/02-ONEcodedequalite-A.G.C.F.-du-02-05-2019-fixant-regime-d-autorisation-et-de-subvention.pdf\" target=\"_blank\" rel=\"noopener\"><span style=\"color: #000000;\"> code de qualit\u00e9 (pdf, 247 Ko)<\/span><\/a> de l'<a href=\"https:\/\/www.one.be\/public\/\" target=\"_blank\" rel=\"noopener\"><span style=\"color: #000000;\">ONE<\/span> (Office de la naissance et de l\u2019enfance - Nouvelle fen\u00eatre)<\/a> et de l'<a href=\"https:\/\/isbw.be\/professionnel\/wp-content\/uploads\/sites\/3\/2020\/10\/02-Arr\u00eat\u00e9-MB-9-Oct-2019-AGCF-2-mai-2019.pdf\" target=\"_blank\" rel=\"noopener\"><span style=\"color: #000000;\">Arr\u00eat\u00e9 Minist\u00e9riel du Gouvernement de la Communaut\u00e9 fran\u00e7aise du 9 octobre 2019 (pdf, 898 Ko)<\/span><\/a><span style=\"color: #000000;\">.<\/span><\/p>\n<\/div>\n<\/div><\/div><\/div><\/div><\/div><\/div><div id=\"pg-w67a364c661bf5-4\"  class=\"panel-grid panel-has-style\" ><div class=\"Titrenonbouton panel-row-style panel-row-style-for-w67a364c661bf5-4\" ><div id=\"pgc-w67a364c661bf5-4-0\"  class=\"panel-grid-cell panel-grid-cell-empty\" ><\/div><div id=\"pgc-w67a364c661bf5-4-1\"  class=\"panel-grid-cell\" ><div id=\"panel-w67a364c661bf5-4-1-0\" class=\"so-panel widget widget_sow-editor panel-first-child panel-last-child\" data-index=\"5\" ><div class=\"BlocTexteDeco panel-widget-style panel-widget-style-for-w67a364c661bf5-4-1-0\" ><div\n\t\t\t\n\t\t\tclass=\"so-widget-sow-editor so-widget-sow-editor-base\"\n\t\t\t\n\t\t>\n<div class=\"siteorigin-widget-tinymce textwidget\">\n\t<h3><a id=\"PRO03sprQueproposonsnous\"><\/a>Que proposons-nous ?<\/h3>\n<p style=\"text-align: left; padding-left: 30px;\">Une formule de remplacement de votre personnel.<\/p>\n<ul>\n<li style=\"list-style-type: none;\">\n<ul>\n<li>Un renfort de qualit\u00e9, qui permet d\u2019\u00e9viter l\u2019accumulation d\u2019heures suppl\u00e9mentaires, la fatigue de l\u2019\u00e9quipe en place, le stress li\u00e9 aux soucis de remplacement pour les directions afin que chacun puisse rester centr\u00e9 sur ses missions prioritaires ;<\/li>\n<li>Une continuit\u00e9 de l\u2019accueil pour l\u2019enfant, ses parents et les \u00e9quipes gr\u00e2ce \u00e0 un partenariat \u00abde proximit\u00e9\u00bb : chaque pu\u00e9ricultrice relais est affect\u00e9e \u00e0 une zone g\u00e9ographique prioritaire, elle \u00abcontinue\u00bb les pratiques professionnelles propres au milieu d\u2019accueil dans lequel elle est amen\u00e9e \u00e0 travailler ;<\/li>\n<li>Un accompagnement personnalis\u00e9. Le Service analyse avec chaque milieu d\u2019accueil sa demande en mati\u00e8re de renfort afin d\u2019\u00e9tablir de fa\u00e7on pertinente la convention qui pr\u00e9cisera les modalit\u00e9s du partenariat ;<\/li>\n<li>Une tarification avantageuse : la mutualisation des co\u00fbts permet de r\u00e9duire les frais li\u00e9s \u00e0 l\u2019engagement de personnel en remplacement des absents ;<\/li>\n<li>Une tranquillit\u00e9 administrative : la demande de remplacement, le paiement, la signature de la convention, tout est simple et rapide !<\/li>\n<\/ul>\n<\/li>\n<\/ul>\n<\/div>\n<\/div><\/div><\/div><\/div><\/div><\/div><div id=\"pg-w67a364c661bf5-5\"  class=\"panel-grid panel-has-style\" ><div class=\"Titrenonbouton panel-row-style panel-row-style-for-w67a364c661bf5-5\" ><div id=\"pgc-w67a364c661bf5-5-0\"  class=\"panel-grid-cell panel-grid-cell-empty\" ><\/div><div id=\"pgc-w67a364c661bf5-5-1\"  class=\"panel-grid-cell\" ><div id=\"panel-w67a364c661bf5-5-1-0\" class=\"so-panel widget widget_sow-editor panel-first-child panel-last-child\" data-index=\"6\" ><div class=\"BlocTexteDeco panel-widget-style panel-widget-style-for-w67a364c661bf5-5-1-0\" ><div\n\t\t\t\n\t\t\tclass=\"so-widget-sow-editor so-widget-sow-editor-base\"\n\t\t\t\n\t\t>\n<div class=\"siteorigin-widget-tinymce textwidget\">\n\t<h3><a id=\"PRO03sprPourqui\"><\/a>Pour qui ?<\/h3>\n<p style=\"text-align: left; padding-left: 30px;\">Le Service de \u00abpu\u00e9ricultrices relais\u00bb est accessible \u00e0 tout milieu d\u2019accueil collectif autoris\u00e9 par l\u2019ONE et situ\u00e9 sur le territoire du Brabant wallon.<\/p>\n<p><img loading=\"lazy\" decoding=\"async\" class=\"aligncenter wp-image-1145 size-full\" src=\"https:\/\/isbw.be\/professionnel\/wp-content\/uploads\/sites\/3\/2019\/12\/03-2-Carte-BW-spr.png\" alt=\"carte du Brabant wallon\" width=\"874\" height=\"426\" srcset=\"https:\/\/isbw.be\/professionnel\/wp-content\/uploads\/sites\/3\/2019\/12\/03-2-Carte-BW-spr.png 874w, https:\/\/isbw.be\/professionnel\/wp-content\/uploads\/sites\/3\/2019\/12\/03-2-Carte-BW-spr-300x146.png 300w, https:\/\/isbw.be\/professionnel\/wp-content\/uploads\/sites\/3\/2019\/12\/03-2-Carte-BW-spr-768x374.png 768w, https:\/\/isbw.be\/professionnel\/wp-content\/uploads\/sites\/3\/2019\/12\/03-2-Carte-BW-spr-400x195.png 400w\" sizes=\"auto, (max-width: 874px) 100vw, 874px\" \/><\/p>\n<\/div>\n<\/div><\/div><\/div><\/div><\/div><\/div><div id=\"pg-w67a364c661bf5-6\"  class=\"panel-grid panel-has-style\" ><div class=\"Titrenonbouton panel-row-style panel-row-style-for-w67a364c661bf5-6\" ><div id=\"pgc-w67a364c661bf5-6-0\"  class=\"panel-grid-cell panel-grid-cell-empty\" ><\/div><div id=\"pgc-w67a364c661bf5-6-1\"  class=\"panel-grid-cell\" ><div id=\"panel-w67a364c661bf5-6-1-0\" class=\"so-panel widget widget_sow-editor panel-first-child panel-last-child\" data-index=\"7\" ><div class=\"BlocTexteDeco panel-widget-style panel-widget-style-for-w67a364c661bf5-6-1-0\" ><div\n\t\t\t\n\t\t\tclass=\"so-widget-sow-editor so-widget-sow-editor-base\"\n\t\t\t\n\t\t>\n<div class=\"siteorigin-widget-tinymce textwidget\">\n\t<h3><a id=\"PRO03sprFonctionnement\"><\/a>Fonctionnement<\/h3>\n<p style=\"text-align: left; padding-left: 30px;\">La coordinatrice rencontre le milieu d\u2019accueil afin de pr\u00e9ciser sa demande et, le cas \u00e9ch\u00e9ant, de fixer les modalit\u00e9s de collaboration, dans les limites des disponibilit\u00e9s du Service, via une convention de collaboration.<\/p>\n<p style=\"text-align: left; padding-left: 30px;\">Des \u00e9changes r\u00e9guliers sont mis en place tout au long de la collaboration pour favoriser un partenariat de qualit\u00e9 et, au besoin, en ajuster les modalit\u00e9s. Ces \u00e9changes permettent aussi d\u2019assurer la gestion du volume des jours r\u00e9serv\u00e9s par le milieu d\u2019accueil.<\/p>\n<p style=\"text-align: left; padding-left: 30px;\">Nos pu\u00e9ricultrices relais sont des professionnelles. Elles sont titulaires d\u2019un dipl\u00f4me de pu\u00e9riculteur ou d\u2019auxiliaire de l\u2019enfance 0-12 ans. Elles sont employ\u00e9es par l\u2019ISBW et couvertes par une assurance en responsabilit\u00e9 civile. L\u2019Intercommunale conserve toutes ses pr\u00e9rogatives d\u2019employeur lorsque son personnel est en fonction dans un milieu d\u2019accueil partenaire.<\/p>\n<p style=\"text-align: left; padding-left: 30px;\">Les pu\u00e9ricultrices relais reprennent les t\u00e2ches habituellement effectu\u00e9es par la personne \u00e0 remplacer au sein de l\u2019\u00e9quipe et ce dans le cadre du projet d\u2019accueil de la structure.<\/p>\n<p style=\"text-align: left; padding-left: 30px;\">Afin de favoriser un soutien de qualit\u00e9 et d\u2019assurer le mieux possible la continuit\u00e9 de l\u2019accueil, chaque pu\u00e9ricultrice est affect\u00e9e \u00e0 une zone g\u00e9ographique prioritaire. D\u2019une part, un visage familier favorise le sentiment de s\u00e9curit\u00e9 pour les enfants, les parents et les professionnels. D\u2019autre part, la pu\u00e9ricultrice connait d\u2019avantage les pratiques du milieu d\u2019accueil et peut plus facilement s\u2019y int\u00e9grer.<\/p>\n<p style=\"text-align: left; padding-left: 30px;\">Une r\u00e9union d\u2019\u00e9quipe avec la coordinatrice est pr\u00e9vue tous les 15 jours.<\/p>\n<p style=\"text-align: left; padding-left: 30px;\">La contribution financi\u00e8re demand\u00e9e aux milieux d\u2019accueil varie selon la participation financi\u00e8re demand\u00e9e aux parents.<\/p>\n<p style=\"text-align: left; padding-left: 30px;\">Pour en savoir plus sur les modalit\u00e9s pratiques de fonctionnement et les tarifs, <a href=\"https:\/\/isbw.be\/wp-content\/uploads\/2025\/02\/202501-SPR-Cadre-general-2025.pdf\" target=\"_blank\" rel=\"noopener\"><span style=\"color: #0000ff;\"><strong>consultez le cadre g\u00e9n\u00e9ral (pdf, 842 Ko)<\/strong><\/span><\/a>.<\/p>\n<\/div>\n<\/div><\/div><\/div><\/div><\/div><\/div><div id=\"pg-w67a364c661bf5-7\"  class=\"panel-grid panel-has-style\" ><div class=\"Titrenonbouton panel-row-style panel-row-style-for-w67a364c661bf5-7\" ><div id=\"pgc-w67a364c661bf5-7-0\"  class=\"panel-grid-cell panel-grid-cell-empty\" ><\/div><div id=\"pgc-w67a364c661bf5-7-1\"  class=\"panel-grid-cell\" ><div id=\"panel-w67a364c661bf5-7-1-0\" class=\"so-panel widget widget_sow-editor panel-first-child panel-last-child\" data-index=\"8\" ><div class=\"BlocTexteDeco panel-widget-style panel-widget-style-for-w67a364c661bf5-7-1-0\" ><div\n\t\t\t\n\t\t\tclass=\"so-widget-sow-editor so-widget-sow-editor-base\"\n\t\t\t\n\t\t>\n<div class=\"siteorigin-widget-tinymce textwidget\">\n\t<h3><a id=\"PRO03sprLequipe\"><\/a>L\u2019\u00e9quipe<\/h3>\n<p style=\"text-align: left; padding-left: 30px;\">L\u2019\u00e9quipe se compose :<\/p>\n<ul>\n<li style=\"list-style-type: none;\">\n<ul>\n<li style=\"text-align: left;\">d\u2019une Cheffe de D\u00e9partement : In\u00e8s Wilmet ;<\/li>\n<li style=\"text-align: left;\">d\u2019une coordinatrice : C\u00e9line Bailleux ;<\/li>\n<li style=\"text-align: left;\">de 3 \u00e9quivalents temps plein de pu\u00e9ricultrices.<\/li>\n<\/ul>\n<\/li>\n<\/ul>\n<\/div>\n<\/div><\/div><\/div><\/div><\/div><\/div><div id=\"pg-w67a364c661bf5-8\"  class=\"panel-grid panel-has-style\" ><div class=\"Titrenonbouton panel-row-style panel-row-style-for-w67a364c661bf5-8\" ><div id=\"pgc-w67a364c661bf5-8-0\"  class=\"panel-grid-cell panel-grid-cell-empty\" ><\/div><div id=\"pgc-w67a364c661bf5-8-1\"  class=\"panel-grid-cell\" ><div id=\"panel-w67a364c661bf5-8-1-0\" class=\"so-panel widget widget_sow-editor panel-first-child panel-last-child\" data-index=\"9\" ><div class=\"panel-widget-style panel-widget-style-for-w67a364c661bf5-8-1-0\" ><div\n\t\t\t\n\t\t\tclass=\"so-widget-sow-editor so-widget-sow-editor-base\"\n\t\t\t\n\t\t>\n<div class=\"siteorigin-widget-tinymce textwidget\">\n\t<h3><a id=\"PRO03sprNouscontacter\"><\/a>Nous contacter...<\/h3>\n<p style=\"text-align: left; padding-left: 30px;\"><span style=\"text-decoration: underline;\">Nos horaires<\/span> :<\/p>\n<p style=\"padding-left: 80px;\">La permanence a lieu tous les jours ouvrables de 9h00 \u00e0 12h00.<\/p>\n<p style=\"text-align: left; padding-left: 30px;\"><span style=\"text-decoration: underline;\">Notre permanence t\u00e9l\u00e9phonique<\/span> :<\/p>\n<p style=\"padding-left: 80px;\"><span style=\"color: #000000;\"><a style=\"color: #000000;\" href=\"tel:+3223151374\">02\/315.13.74<\/a><\/span><\/p>\n<p style=\"text-align: left; padding-left: 30px;\"><span style=\"text-decoration: underline;\">Nous joindre par courriel<\/span> :<\/p>\n<p style=\"padding-left: 80px;\"><span style=\"color: #000000;\"><a style=\"color: #000000;\" href=\"mailto:puericultrices.relais@isbw.be\">pu\u00e9ricultrices.relais@isbw.be<\/a><\/span><\/p>\n<p style=\"text-align: left; padding-left: 30px;\"><span style=\"text-decoration: underline;\">Notre adresse postale<\/span> :<\/p>\n<p style=\"padding-left: 80px;\">Intercommunale sociale du Brabant wallon, Service pu\u00e9ricultrices relais, rue du Cerf 200, 1332 Rixensart.<\/p>\n<\/div>\n<\/div><\/div><\/div><\/div><\/div><\/div><\/div><\/div><\/div><\/div><\/div><div id=\"pg-361-1\"  class=\"panel-grid panel-has-style\" ><div class=\"siteorigin-panels-stretch panel-row-style panel-row-style-for-361-1\" data-stretch-type=\"full\" ><div id=\"pgc-361-1-0\"  class=\"panel-grid-cell\" ><div id=\"panel-361-1-0-0\" class=\"so-panel widget widget_sow-button panel-first-child panel-last-child\" data-index=\"1\" ><div class=\"BoutonQuestion panel-widget-style panel-widget-style-for-361-1-0-0\" ><div\n\t\t\t\n\t\t\tclass=\"so-widget-sow-button so-widget-sow-button-flat-6b5f058a71cd-361\"\n\t\t\t\n\t\t><div class=\"ow-button-base ow-button-align-left\"\n>\n\t\t\t<a\n\t\t\t\t\thref=\"https:\/\/isbw.be\/professionnel\/departement-accueil-de-lenfant-de-0-a-3-ans\/le-service-des-accueillantes-denfants\/\"\n\t\t\t\t\tclass=\"sowb-button ow-icon-placement-left ow-button-hover\" title=\"vers le Service des accueillantes d&#039;enfants\" \t>\n\t\t<span>\n\t\t\t<span class=\"sow-icon-fontawesome sow-far\" data-sow-icon=\"&#xf0a4;\"\n\t\tstyle=\"color: #dd3333\" \n\t\taria-hidden=\"true\"><\/span>\n\t\t\tLe Service d'accueil d'enfants\t\t<\/span>\n\t\t\t<\/a>\n\t<\/div>\n<\/div><\/div><\/div><\/div><\/div><\/div><div id=\"pg-361-2\"  class=\"panel-grid panel-has-style\" ><div class=\"siteorigin-panels-stretch panel-row-style panel-row-style-for-361-2\" data-stretch-type=\"full\" ><div id=\"pgc-361-2-0\"  class=\"panel-grid-cell\" ><div id=\"panel-361-2-0-0\" class=\"so-panel widget widget_siteorigin-panels-builder panel-first-child panel-last-child\" data-index=\"2\" ><div id=\"pl-w6989c3bd50e15\"  class=\"panel-layout\" ><div id=\"pg-w6989c3bd50e15-0\"  class=\"panel-grid panel-has-style\" ><div class=\"panel-row-style panel-row-style-for-w6989c3bd50e15-0\" ><div id=\"pgc-w6989c3bd50e15-0-0\"  class=\"panel-grid-cell panel-grid-cell-empty\" ><\/div><div id=\"pgc-w6989c3bd50e15-0-1\"  class=\"panel-grid-cell panel-grid-cell-empty\" ><\/div><div id=\"pgc-w6989c3bd50e15-0-2\"  class=\"panel-grid-cell panel-grid-cell-empty\" ><\/div><div id=\"pgc-w6989c3bd50e15-0-3\"  class=\"panel-grid-cell panel-grid-cell-empty\" ><\/div><div id=\"pgc-w6989c3bd50e15-0-4\"  class=\"panel-grid-cell\" ><div id=\"panel-w6989c3bd50e15-0-4-0\" class=\"so-panel widget widget_sow-button panel-first-child panel-last-child\" data-index=\"0\" ><div\n\t\t\t\n\t\t\tclass=\"so-widget-sow-button so-widget-sow-button-flat-de31a69c3823\"\n\t\t\t\n\t\t><div class=\"ow-button-base ow-button-align-right\"\n>\n\t\t\t<a\n\t\t\t\t\thref=\"https:\/\/isbw.be\/professionnel\/departement-accueil-de-lenfant-de-0-a-3-ans\/\"\n\t\t\t\t\tclass=\"sowb-button ow-icon-placement-left ow-button-hover\" title=\"vers le D\u00e9partement Accueil de l&#039;enfant de 0 \u00e0 3 ans\" \t>\n\t\t<span>\n\t\t\t<span class=\"sow-icon-ionicons\" data-sow-icon=\"&#xf124;\"\n\t\tstyle=\"color: #ffffff\" \n\t\taria-hidden=\"true\"><\/span>\n\t\t\t\t\t<\/span>\n\t\t\t<\/a>\n\t<\/div>\n<\/div><\/div><\/div><\/div><\/div><\/div><\/div><\/div><\/div><\/div><\/div>","protected":false},"excerpt":{"rendered":"<p>D\u00e9partement Accueil de l&rsquo;enfant de 0 \u00e0 3 ans Le Service des pu\u00e9ricultrices relais Qui sommes-nous ? Que proposons-nous ? Pour qui ? Fonctionnement L\u2019\u00e9quipe Nous contacter Qui sommes- nous ? Le Service des pu\u00e9ricultrices relais de l\u2019ISBW propose un r\u00e9el soutien pour la gestion des absences de personnel accueillant les enfants dans les milieux [&hellip;]<\/p>\n","protected":false},"author":1,"featured_media":0,"parent":367,"menu_order":0,"comment_status":"closed","ping_status":"closed","template":"","meta":{"footnotes":""},"class_list":["post-361","page","type-page","status-publish","czr-hentry"],"_links":{"self":[{"href":"https:\/\/isbw.be\/professionnel\/wp-json\/wp\/v2\/pages\/361","targetHints":{"allow":["GET"]}}],"collection":[{"href":"https:\/\/isbw.be\/professionnel\/wp-json\/wp\/v2\/pages"}],"about":[{"href":"https:\/\/isbw.be\/professionnel\/wp-json\/wp\/v2\/types\/page"}],"author":[{"embeddable":true,"href":"https:\/\/isbw.be\/professionnel\/wp-json\/wp\/v2\/users\/1"}],"replies":[{"embeddable":true,"href":"https:\/\/isbw.be\/professionnel\/wp-json\/wp\/v2\/comments?post=361"}],"version-history":[{"count":127,"href":"https:\/\/isbw.be\/professionnel\/wp-json\/wp\/v2\/pages\/361\/revisions"}],"predecessor-version":[{"id":3014,"href":"https:\/\/isbw.be\/professionnel\/wp-json\/wp\/v2\/pages\/361\/revisions\/3014"}],"up":[{"embeddable":true,"href":"https:\/\/isbw.be\/professionnel\/wp-json\/wp\/v2\/pages\/367"}],"wp:attachment":[{"href":"https:\/\/isbw.be\/professionnel\/wp-json\/wp\/v2\/media?parent=361"}],"curies":[{"name":"wp","href":"https:\/\/api.w.org\/{rel}","templated":true}]}}